{"id":11,"date":"2021-02-09T14:46:18","date_gmt":"2021-02-09T13:46:18","guid":{"rendered":"https:\/\/portoghese.uniroma3.it\/catedrasaramago\/?page_id=11"},"modified":"2026-04-23T15:37:33","modified_gmt":"2026-04-23T13:37:33","slug":"eventi-passati","status":"publish","type":"page","link":"https:\/\/portoghese.uniroma3.it\/catedrasaramago\/eventi-passati\/","title":{"rendered":"Eventi passati"},"content":{"rendered":"\t\t<div data-elementor-type=\"wp-page\" data-elementor-id=\"11\" class=\"elementor elementor-11\">\n\t\t\t\t\t\t<section class=\"elementor-section elementor-top-section elementor-element elementor-element-43d52f2 elementor-section-boxed elementor-section-height-default elementor-section-height-default\" data-id=\"43d52f2\" data-element_type=\"section\" data-e-type=\"section\">\n\t\t\t\t\t\t<div class=\"elementor-container elementor-column-gap-default\">\n\t\t\t\t\t<div class=\"elementor-column elementor-col-100 elementor-top-column elementor-element elementor-element-efb9833\" data-id=\"efb9833\" data-element_type=\"column\" data-e-type=\"column\">\n\t\t\t<div class=\"elementor-widget-wrap elementor-element-populated\">\n\t\t\t\t\t\t<div class=\"elementor-element elementor-element-06e6c98 elementor-widget elementor-widget-heading\" data-id=\"06e6c98\" data-element_type=\"widget\" data-e-type=\"widget\" data-widget_type=\"heading.default\">\n\t\t\t\t<div class=\"elementor-widget-container\">\n\t\t\t\t\t<h2 class=\"elementor-heading-title elementor-size-default\">Eventi 2025<\/h2>\t\t\t\t<\/div>\n\t\t\t\t<\/div>\n\t\t\t\t\t<\/div>\n\t\t<\/div>\n\t\t\t\t\t<\/div>\n\t\t<\/section>\n\t\t\t\t<section class=\"elementor-section elementor-top-section elementor-element elementor-element-14701d9 elementor-section-boxed elementor-section-height-default elementor-section-height-default\" data-id=\"14701d9\" data-element_type=\"section\" data-e-type=\"section\">\n\t\t\t\t\t\t<div class=\"elementor-container elementor-column-gap-default\">\n\t\t\t\t\t<div class=\"elementor-column elementor-col-100 elementor-top-column elementor-element elementor-element-353f729\" data-id=\"353f729\" data-element_type=\"column\" data-e-type=\"column\">\n\t\t\t<div class=\"elementor-widget-wrap elementor-element-populated\">\n\t\t\t\t\t\t<div class=\"elementor-element elementor-element-0b9d5d9 elementor-widget elementor-widget-image\" data-id=\"0b9d5d9\" data-element_type=\"widget\" data-e-type=\"widget\" data-widget_type=\"image.default\">\n\t\t\t\t<div class=\"elementor-widget-container\">\n\t\t\t\t\t\t\t\t\t\t\t\t\t\t\t<img fetchpriority=\"high\" decoding=\"async\" width=\"724\" height=\"1024\" src=\"https:\/\/portoghese.uniroma3.it\/catedrasaramago\/wp-content\/uploads\/sites\/2\/2025\/12\/Cardoso-Pires-a-cento-anni-dalla-nascita-724x1024.jpg\" class=\"attachment-large size-large wp-image-700\" alt=\"\" srcset=\"https:\/\/portoghese.uniroma3.it\/catedrasaramago\/wp-content\/uploads\/sites\/2\/2025\/12\/Cardoso-Pires-a-cento-anni-dalla-nascita-724x1024.jpg 724w, https:\/\/portoghese.uniroma3.it\/catedrasaramago\/wp-content\/uploads\/sites\/2\/2025\/12\/Cardoso-Pires-a-cento-anni-dalla-nascita-212x300.jpg 212w, https:\/\/portoghese.uniroma3.it\/catedrasaramago\/wp-content\/uploads\/sites\/2\/2025\/12\/Cardoso-Pires-a-cento-anni-dalla-nascita-768x1086.jpg 768w, https:\/\/portoghese.uniroma3.it\/catedrasaramago\/wp-content\/uploads\/sites\/2\/2025\/12\/Cardoso-Pires-a-cento-anni-dalla-nascita-1086x1536.jpg 1086w, https:\/\/portoghese.uniroma3.it\/catedrasaramago\/wp-content\/uploads\/sites\/2\/2025\/12\/Cardoso-Pires-a-cento-anni-dalla-nascita.jpg 1131w\" sizes=\"(max-width: 724px) 100vw, 724px\" \/>\t\t\t\t\t\t\t\t\t\t\t\t\t\t\t<\/div>\n\t\t\t\t<\/div>\n\t\t\t\t\t<\/div>\n\t\t<\/div>\n\t\t\t\t\t<\/div>\n\t\t<\/section>\n\t\t\t\t<section class=\"elementor-section elementor-top-section elementor-element elementor-element-a22d511 elementor-section-boxed elementor-section-height-default elementor-section-height-default\" data-id=\"a22d511\" data-element_type=\"section\" data-e-type=\"section\">\n\t\t\t\t\t\t<div class=\"elementor-container elementor-column-gap-default\">\n\t\t\t\t\t<div class=\"elementor-column elementor-col-100 elementor-top-column elementor-element elementor-element-c0d9453\" data-id=\"c0d9453\" data-element_type=\"column\" data-e-type=\"column\">\n\t\t\t<div class=\"elementor-widget-wrap elementor-element-populated\">\n\t\t\t\t\t\t<div class=\"elementor-element elementor-element-4607f67 elementor-widget elementor-widget-image\" data-id=\"4607f67\" data-element_type=\"widget\" data-e-type=\"widget\" data-widget_type=\"image.default\">\n\t\t\t\t<div class=\"elementor-widget-container\">\n\t\t\t\t\t\t\t\t\t\t\t\t\t\t\t<img decoding=\"async\" width=\"1024\" height=\"1024\" src=\"https:\/\/portoghese.uniroma3.it\/catedrasaramago\/wp-content\/uploads\/sites\/2\/2025\/04\/Post-Congresso5-maggio-2025-Last-1024x1024.png\" class=\"attachment-large size-large wp-image-686\" alt=\"\" srcset=\"https:\/\/portoghese.uniroma3.it\/catedrasaramago\/wp-content\/uploads\/sites\/2\/2025\/04\/Post-Congresso5-maggio-2025-Last-1024x1024.png 1024w, https:\/\/portoghese.uniroma3.it\/catedrasaramago\/wp-content\/uploads\/sites\/2\/2025\/04\/Post-Congresso5-maggio-2025-Last-300x300.png 300w, https:\/\/portoghese.uniroma3.it\/catedrasaramago\/wp-content\/uploads\/sites\/2\/2025\/04\/Post-Congresso5-maggio-2025-Last-150x150.png 150w, https:\/\/portoghese.uniroma3.it\/catedrasaramago\/wp-content\/uploads\/sites\/2\/2025\/04\/Post-Congresso5-maggio-2025-Last-768x768.png 768w, https:\/\/portoghese.uniroma3.it\/catedrasaramago\/wp-content\/uploads\/sites\/2\/2025\/04\/Post-Congresso5-maggio-2025-Last.png 1080w\" sizes=\"(max-width: 1024px) 100vw, 1024px\" \/>\t\t\t\t\t\t\t\t\t\t\t\t\t\t\t<\/div>\n\t\t\t\t<\/div>\n\t\t\t\t\t<\/div>\n\t\t<\/div>\n\t\t\t\t\t<\/div>\n\t\t<\/section>\n\t\t\t\t<section class=\"elementor-section elementor-top-section elementor-element elementor-element-85641e3 elementor-section-boxed elementor-section-height-default elementor-section-height-default\" data-id=\"85641e3\" data-element_type=\"section\" data-e-type=\"section\">\n\t\t\t\t\t\t<div class=\"elementor-container elementor-column-gap-default\">\n\t\t\t\t\t<div class=\"elementor-column elementor-col-100 elementor-top-column elementor-element elementor-element-864209b\" data-id=\"864209b\" data-element_type=\"column\" data-e-type=\"column\">\n\t\t\t<div class=\"elementor-widget-wrap elementor-element-populated\">\n\t\t\t\t\t\t<div class=\"elementor-element elementor-element-febffec elementor-widget elementor-widget-image\" data-id=\"febffec\" data-element_type=\"widget\" data-e-type=\"widget\" data-widget_type=\"image.default\">\n\t\t\t\t<div class=\"elementor-widget-container\">\n\t\t\t\t\t\t\t\t\t\t\t\t\t\t\t<img decoding=\"async\" width=\"826\" height=\"1024\" src=\"https:\/\/portoghese.uniroma3.it\/catedrasaramago\/wp-content\/uploads\/sites\/2\/2025\/04\/Screenshot-2025-04-23-alle-14.52.07-826x1024.png\" class=\"attachment-large size-large wp-image-688\" alt=\"\" srcset=\"https:\/\/portoghese.uniroma3.it\/catedrasaramago\/wp-content\/uploads\/sites\/2\/2025\/04\/Screenshot-2025-04-23-alle-14.52.07-826x1024.png 826w, https:\/\/portoghese.uniroma3.it\/catedrasaramago\/wp-content\/uploads\/sites\/2\/2025\/04\/Screenshot-2025-04-23-alle-14.52.07-242x300.png 242w, https:\/\/portoghese.uniroma3.it\/catedrasaramago\/wp-content\/uploads\/sites\/2\/2025\/04\/Screenshot-2025-04-23-alle-14.52.07-768x952.png 768w, https:\/\/portoghese.uniroma3.it\/catedrasaramago\/wp-content\/uploads\/sites\/2\/2025\/04\/Screenshot-2025-04-23-alle-14.52.07.png 1126w\" sizes=\"(max-width: 826px) 100vw, 826px\" \/>\t\t\t\t\t\t\t\t\t\t\t\t\t\t\t<\/div>\n\t\t\t\t<\/div>\n\t\t\t\t\t<\/div>\n\t\t<\/div>\n\t\t\t\t\t<\/div>\n\t\t<\/section>\n\t\t\t\t<section class=\"elementor-section elementor-top-section elementor-element elementor-element-92510a0 elementor-section-boxed elementor-section-height-default elementor-section-height-default\" data-id=\"92510a0\" data-element_type=\"section\" data-e-type=\"section\">\n\t\t\t\t\t\t<div class=\"elementor-container elementor-column-gap-default\">\n\t\t\t\t\t<div class=\"elementor-column elementor-col-100 elementor-top-column elementor-element elementor-element-21898e9\" data-id=\"21898e9\" data-element_type=\"column\" data-e-type=\"column\">\n\t\t\t<div class=\"elementor-widget-wrap elementor-element-populated\">\n\t\t\t\t\t\t<div class=\"elementor-element elementor-element-acc7807 elementor-widget elementor-widget-image\" data-id=\"acc7807\" data-element_type=\"widget\" data-e-type=\"widget\" data-widget_type=\"image.default\">\n\t\t\t\t<div class=\"elementor-widget-container\">\n\t\t\t\t\t\t\t\t\t\t\t\t\t\t\t<img loading=\"lazy\" decoding=\"async\" width=\"839\" height=\"1024\" src=\"https:\/\/portoghese.uniroma3.it\/catedrasaramago\/wp-content\/uploads\/sites\/2\/2025\/04\/Screenshot-2025-04-23-alle-14.52.38-839x1024.png\" class=\"attachment-large size-large wp-image-689\" alt=\"\" srcset=\"https:\/\/portoghese.uniroma3.it\/catedrasaramago\/wp-content\/uploads\/sites\/2\/2025\/04\/Screenshot-2025-04-23-alle-14.52.38-839x1024.png 839w, https:\/\/portoghese.uniroma3.it\/catedrasaramago\/wp-content\/uploads\/sites\/2\/2025\/04\/Screenshot-2025-04-23-alle-14.52.38-246x300.png 246w, https:\/\/portoghese.uniroma3.it\/catedrasaramago\/wp-content\/uploads\/sites\/2\/2025\/04\/Screenshot-2025-04-23-alle-14.52.38-768x937.png 768w, https:\/\/portoghese.uniroma3.it\/catedrasaramago\/wp-content\/uploads\/sites\/2\/2025\/04\/Screenshot-2025-04-23-alle-14.52.38.png 1118w\" sizes=\"(max-width: 839px) 100vw, 839px\" \/>\t\t\t\t\t\t\t\t\t\t\t\t\t\t\t<\/div>\n\t\t\t\t<\/div>\n\t\t\t\t\t<\/div>\n\t\t<\/div>\n\t\t\t\t\t<\/div>\n\t\t<\/section>\n\t\t\t\t<section class=\"elementor-section elementor-top-section elementor-element elementor-element-fa51a69 elementor-section-boxed elementor-section-height-default elementor-section-height-default\" data-id=\"fa51a69\" data-element_type=\"section\" data-e-type=\"section\">\n\t\t\t\t\t\t<div class=\"elementor-container elementor-column-gap-default\">\n\t\t\t\t\t<div class=\"elementor-column elementor-col-100 elementor-top-column elementor-element elementor-element-d76bd6e\" data-id=\"d76bd6e\" data-element_type=\"column\" data-e-type=\"column\">\n\t\t\t<div class=\"elementor-widget-wrap elementor-element-populated\">\n\t\t\t\t\t\t<div class=\"elementor-element elementor-element-4912828 elementor-widget elementor-widget-heading\" data-id=\"4912828\" data-element_type=\"widget\" data-e-type=\"widget\" data-widget_type=\"heading.default\">\n\t\t\t\t<div class=\"elementor-widget-container\">\n\t\t\t\t\t<h3 class=\"elementor-heading-title elementor-size-default\">Eventi 2023-2024<\/h3>\t\t\t\t<\/div>\n\t\t\t\t<\/div>\n\t\t\t\t\t<\/div>\n\t\t<\/div>\n\t\t\t\t\t<\/div>\n\t\t<\/section>\n\t\t\t\t<section class=\"elementor-section elementor-top-section elementor-element elementor-element-587b6b4 elementor-section-boxed elementor-section-height-default elementor-section-height-default\" data-id=\"587b6b4\" data-element_type=\"section\" data-e-type=\"section\">\n\t\t\t\t\t\t<div class=\"elementor-container elementor-column-gap-default\">\n\t\t\t\t\t<div class=\"elementor-column elementor-col-100 elementor-top-column elementor-element elementor-element-8f00239\" data-id=\"8f00239\" data-element_type=\"column\" data-e-type=\"column\">\n\t\t\t<div class=\"elementor-widget-wrap elementor-element-populated\">\n\t\t\t\t\t\t<div class=\"elementor-element elementor-element-d20d028 elementor-widget elementor-widget-text-editor\" data-id=\"d20d028\" data-element_type=\"widget\" data-e-type=\"widget\" data-widget_type=\"text-editor.default\">\n\t\t\t\t<div class=\"elementor-widget-container\">\n\t\t\t\t\t\t\t\t\t<p><b>A sessant\u2019anni dal colpo di stato in Brasile (1964-2024)<\/b>. Convegno internazionale organizzato in collaborazione con l\u2019Ambasciata del Brasile in Italia e con la fondazione Lelio e Lisli Basso (Roma, 5 dicembre 2024).<\/p><p><b>Dia Mundial da L\u00edngua Portuguesa em Roma<\/b>: A sintaxe do portugu\u00eas no s\u00e9culo XXI. Convegno internazionale organizzato in collaborazione con il Centro de L\u00edngua Portuguesa \u201cGiulia Lanciani\u201d (Roma, 7-8 maggio 2024);<\/p><p><b>La Cultura sotto assedio<\/b>: spaesamenti tra Argentina, Brasile e Italia. Convegno internazionale organizzato in collaborazione con le universit\u00e0 di Siena Stranieri e Chieti-Pescara, nell\u2019ambito del progetto di ricerca internazionale Conectando culturas, coordinato dalla Prof.ssa Patricia Peterle, (Roma, Pescara, Siena, 13-17 maggio 2024);<\/p>\t\t\t\t\t\t\t\t<\/div>\n\t\t\t\t<\/div>\n\t\t\t\t\t<\/div>\n\t\t<\/div>\n\t\t\t\t\t<\/div>\n\t\t<\/section>\n\t\t\t\t<section class=\"elementor-section elementor-top-section elementor-element elementor-element-7410b8f elementor-section-boxed elementor-section-height-default elementor-section-height-default\" data-id=\"7410b8f\" data-element_type=\"section\" data-e-type=\"section\">\n\t\t\t\t\t\t<div class=\"elementor-container elementor-column-gap-default\">\n\t\t\t\t\t<div class=\"elementor-column elementor-col-100 elementor-top-column elementor-element elementor-element-1b1e618\" data-id=\"1b1e618\" data-element_type=\"column\" data-e-type=\"column\">\n\t\t\t<div class=\"elementor-widget-wrap elementor-element-populated\">\n\t\t\t\t\t\t<div class=\"elementor-element elementor-element-d1742bd elementor-widget elementor-widget-image\" data-id=\"d1742bd\" data-element_type=\"widget\" data-e-type=\"widget\" data-widget_type=\"image.default\">\n\t\t\t\t<div class=\"elementor-widget-container\">\n\t\t\t\t\t\t\t\t\t\t\t\t\t\t\t<img loading=\"lazy\" decoding=\"async\" width=\"724\" height=\"1024\" src=\"https:\/\/portoghese.uniroma3.it\/catedrasaramago\/wp-content\/uploads\/sites\/2\/2024\/04\/La-cultura-sotto-assedio-724x1024.jpg\" class=\"attachment-large size-large wp-image-452\" alt=\"\" srcset=\"https:\/\/portoghese.uniroma3.it\/catedrasaramago\/wp-content\/uploads\/sites\/2\/2024\/04\/La-cultura-sotto-assedio-724x1024.jpg 724w, https:\/\/portoghese.uniroma3.it\/catedrasaramago\/wp-content\/uploads\/sites\/2\/2024\/04\/La-cultura-sotto-assedio-212x300.jpg 212w, https:\/\/portoghese.uniroma3.it\/catedrasaramago\/wp-content\/uploads\/sites\/2\/2024\/04\/La-cultura-sotto-assedio-768x1086.jpg 768w, https:\/\/portoghese.uniroma3.it\/catedrasaramago\/wp-content\/uploads\/sites\/2\/2024\/04\/La-cultura-sotto-assedio-1086x1536.jpg 1086w, https:\/\/portoghese.uniroma3.it\/catedrasaramago\/wp-content\/uploads\/sites\/2\/2024\/04\/La-cultura-sotto-assedio.jpg 1414w\" sizes=\"(max-width: 724px) 100vw, 724px\" \/>\t\t\t\t\t\t\t\t\t\t\t\t\t\t\t<\/div>\n\t\t\t\t<\/div>\n\t\t\t\t\t<\/div>\n\t\t<\/div>\n\t\t\t\t\t<\/div>\n\t\t<\/section>\n\t\t\t\t<section class=\"elementor-section elementor-top-section elementor-element elementor-element-a886fcf elementor-section-boxed elementor-section-height-default elementor-section-height-default\" data-id=\"a886fcf\" data-element_type=\"section\" data-e-type=\"section\">\n\t\t\t\t\t\t<div class=\"elementor-container elementor-column-gap-default\">\n\t\t\t\t\t<div class=\"elementor-column elementor-col-100 elementor-top-column elementor-element elementor-element-473c4bb\" data-id=\"473c4bb\" data-element_type=\"column\" data-e-type=\"column\">\n\t\t\t<div class=\"elementor-widget-wrap elementor-element-populated\">\n\t\t\t\t\t\t<div class=\"elementor-element elementor-element-4fcfa1d elementor-widget elementor-widget-toggle\" data-id=\"4fcfa1d\" data-element_type=\"widget\" data-e-type=\"widget\" data-widget_type=\"toggle.default\">\n\t\t\t\t<div class=\"elementor-widget-container\">\n\t\t\t\t\t\t\t<div class=\"elementor-toggle\">\n\t\t\t\t\t\t\t<div class=\"elementor-toggle-item\">\n\t\t\t\t\t<h5 id=\"elementor-tab-title-8361\" class=\"elementor-tab-title\" data-tab=\"1\" role=\"button\" aria-controls=\"elementor-tab-content-8361\" aria-expanded=\"false\">\n\t\t\t\t\t\t\t\t\t\t\t\t<span class=\"elementor-toggle-icon elementor-toggle-icon-left\" aria-hidden=\"true\">\n\t\t\t\t\t\t\t\t\t\t\t\t\t\t\t<span class=\"elementor-toggle-icon-closed\"><i class=\"fas fa-caret-right\"><\/i><\/span>\n\t\t\t\t\t\t\t\t<span class=\"elementor-toggle-icon-opened\"><i class=\"elementor-toggle-icon-opened fas fa-caret-up\"><\/i><\/span>\n\t\t\t\t\t\t\t\t\t\t\t\t\t<\/span>\n\t\t\t\t\t\t\t\t\t\t\t\t<a class=\"elementor-toggle-title\" tabindex=\"0\">Programma<\/a>\n\t\t\t\t\t<\/h5>\n\n\t\t\t\t\t<div id=\"elementor-tab-content-8361\" class=\"elementor-tab-content elementor-clearfix\" data-tab=\"1\" role=\"region\" aria-labelledby=\"elementor-tab-title-8361\"><p style=\"text-align: center\"><strong>GIORNATA DI STUDI<\/strong><\/p><p style=\"text-align: center\"><strong><em>LA CULTURA SOTTO ASSEDIO<\/em><\/strong><\/p><p style=\"text-align: center\"><strong><em>SPAESAMENTI TRA ARGENTINA, BRASILE E ITALIA<\/em><\/strong><\/p><p style=\"text-align: center\">13 MAGGIO 2024<\/p><p>10:00<\/p><p>Saluti delle Autorit\u00e0<\/p><p>10:15<\/p><p>Presiede Alejandro Patat<\/p><p>Patricia Peterle (Universidade Federal de Santa Catarina), \u201cVitalit\u00e0 del sangue nuovo&#8221;: l&#8217;esperienza brasiliana di Ruggero Jacobbi<\/p><p>Camilla Cattarulla (Universit\u00e0 Roma Tre), Folco Testena: un mediatore culturale tra Italia e Argentina nella prima met\u00e0 del XX secolo<\/p><p>11:00 Coffee break<\/p><p>11:15<\/p><p>Presiede Silvia Susana Cattoni<\/p><p>Angela Di Matteo (Universit\u00e0 Roma Tre), \u201cLlora el mar con me\u201d: voci di s-paesamenti nel teatro argentino della migrazione<\/p><p>Luigia De Crescenzo (Universit\u00e0 Roma Tre), Dall\u2019Italia con saudade. L\u2019esperienza dello spaesamento secondo Clarice Lispector<\/p><p>12:30<\/p><p>Presentazione del volume Desarquivando o liter\u00e1rio. Percursos entre l\u00ednguas (Editora 7Letras, 2024). Amanda Bruno de Mello e Giorgio de Marchis ne discutono con i curatori del volume Patricia Peterle e Andrea Santurbano<\/p><p>14:30<br \/>Presiede Amanda Bruno de Mello<br \/>Gian Luigi De Rosa (Universit\u00e0 Roma Tre), La traduzione letteraria collaborativa applicata all\u2019insegnamento del portoghese<br \/>Susanna Nanni (Universit\u00e0 Roma Tre), Risignificare la memoria: la traduzione in aula come gesto<br \/>politico e identitario<\/p><p>15:15<br \/>Presiede Andrea Gialloreto<br \/>Andrea Santurbano (Universidade Federal de Santa Catarina),\u00a0 Tra Italia e Brasile: sguardi e spaesamenti nella costruzione di paesaggi<\/p><p>Giorgio de Marchis (Universit\u00e0 Roma Tre), Ritrovare il Brasile in Italia: spaesamento e analogie nella letteratura della FEB<\/p><p>16:30<br \/>Presentazione del romanzo Il mistero di Puccini (Marlin editore, 2024). Camilla Cattarulla, Rosa Maria Grillo e Maria Gabriella\u00a0 Dionisi ne parlano con l\u2019autrice Liliana Bellon.<\/p><\/div>\n\t\t\t\t<\/div>\n\t\t\t\t\t\t\t\t<\/div>\n\t\t\t\t\t\t<\/div>\n\t\t\t\t<\/div>\n\t\t\t\t\t<\/div>\n\t\t<\/div>\n\t\t\t\t\t<\/div>\n\t\t<\/section>\n\t\t\t\t<section class=\"elementor-section elementor-top-section elementor-element elementor-element-84aa51f elementor-section-boxed elementor-section-height-default elementor-section-height-default\" data-id=\"84aa51f\" data-element_type=\"section\" data-e-type=\"section\">\n\t\t\t\t\t\t<div class=\"elementor-container elementor-column-gap-default\">\n\t\t\t\t\t<div class=\"elementor-column elementor-col-100 elementor-top-column elementor-element elementor-element-20271f0\" data-id=\"20271f0\" data-element_type=\"column\" data-e-type=\"column\">\n\t\t\t<div class=\"elementor-widget-wrap elementor-element-populated\">\n\t\t\t\t\t\t<div class=\"elementor-element elementor-element-324a5db elementor-widget elementor-widget-text-editor\" data-id=\"324a5db\" data-element_type=\"widget\" data-e-type=\"widget\" data-widget_type=\"text-editor.default\">\n\t\t\t\t<div class=\"elementor-widget-container\">\n\t\t\t\t\t\t\t\t\t<p><strong>Saramago, escritor gra\u00e7as \u00e0 Revolu\u00e7\u00e3o de 1974<\/strong>. Conferenza del Dott. Ricardo Viel, della Funda\u00e7\u00e3o Jos\u00e9 Saramago organizzata per celebrare il \u201cDia Saramago\u201d (Roma, 7 dicembre 2023);<\/p><p><strong>Oltre la lingua<\/strong>: il lascito portoghese in Africa, Asia e America. Conferenza del Dott. Francesco Genovesi (Roma, 5 dicembre 2023);<\/p><p><strong>Percursos da literatura feminina brasileira no s\u00e9culo XX<\/strong>. Conferenza della Prof.ssa Erica Salatini (Universidade Federal de Bahia), organizzata nell\u2019ambito del progetto Conectando Culturas (Roma, 10 ottobre 2023);<\/p><p><strong>Dia Mundial da L\u00edngua Portuguesa<\/strong>. Convegno internazionale organizzato in collaborazione con il Centro de L\u00edngua Portuguesa \u201cGiulia Lanciani\u201d (Roma, 5 maggio 2023);<\/p><p><strong>Televis\u00e3o e pol\u00edtica no Brasil<\/strong>. Conferenza del Prof. Mauro P. Porto (Tulane University) (Roma, 29 marzo 2023).<\/p>\t\t\t\t\t\t\t\t<\/div>\n\t\t\t\t<\/div>\n\t\t\t\t\t<\/div>\n\t\t<\/div>\n\t\t\t\t\t<\/div>\n\t\t<\/section>\n\t\t\t\t<section class=\"elementor-section elementor-top-section elementor-element elementor-element-99655f5 elementor-section-boxed elementor-section-height-default elementor-section-height-default\" data-id=\"99655f5\" data-element_type=\"section\" data-e-type=\"section\">\n\t\t\t\t\t\t<div class=\"elementor-container elementor-column-gap-default\">\n\t\t\t\t\t<div class=\"elementor-column elementor-col-100 elementor-top-column elementor-element elementor-element-ff7d43e\" data-id=\"ff7d43e\" data-element_type=\"column\" data-e-type=\"column\">\n\t\t\t<div class=\"elementor-widget-wrap elementor-element-populated\">\n\t\t\t\t\t\t<div class=\"elementor-element elementor-element-ab03542 elementor-widget elementor-widget-heading\" data-id=\"ab03542\" data-element_type=\"widget\" data-e-type=\"widget\" data-widget_type=\"heading.default\">\n\t\t\t\t<div class=\"elementor-widget-container\">\n\t\t\t\t\t<h2 class=\"elementor-heading-title elementor-size-default\">Eventi 2022<\/h2>\t\t\t\t<\/div>\n\t\t\t\t<\/div>\n\t\t\t\t\t<\/div>\n\t\t<\/div>\n\t\t\t\t\t<\/div>\n\t\t<\/section>\n\t\t\t\t<section class=\"elementor-section elementor-top-section elementor-element elementor-element-3930d1aa elementor-section-content-middle elementor-reverse-mobile elementor-section-height-min-height elementor-section-boxed elementor-section-height-default elementor-section-items-middle\" data-id=\"3930d1aa\" data-element_type=\"section\" data-e-type=\"section\" data-settings=\"{&quot;background_background&quot;:&quot;classic&quot;}\">\n\t\t\t\t\t\t\t<div class=\"elementor-background-overlay\"><\/div>\n\t\t\t\t\t\t\t<div class=\"elementor-container elementor-column-gap-wider\">\n\t\t\t\t\t<div class=\"elementor-column elementor-col-50 elementor-top-column elementor-element elementor-element-7be21d16\" data-id=\"7be21d16\" data-element_type=\"column\" data-e-type=\"column\">\n\t\t\t<div class=\"elementor-widget-wrap elementor-element-populated\">\n\t\t\t\t\t\t<div class=\"elementor-element elementor-element-6d537e55 animated-slow elementor-widget elementor-widget-heading\" data-id=\"6d537e55\" data-element_type=\"widget\" data-e-type=\"widget\" data-settings=\"{&quot;_animation&quot;:&quot;none&quot;,&quot;_animation_delay&quot;:&quot;100&quot;}\" data-widget_type=\"heading.default\">\n\t\t\t\t<div class=\"elementor-widget-container\">\n\t\t\t\t\t<h1 class=\"elementor-heading-title elementor-size-default\">OS OUTROS (D)E JOS\u00c9 SARAMAGO<\/h1>\t\t\t\t<\/div>\n\t\t\t\t<\/div>\n\t\t\t\t<div class=\"elementor-element elementor-element-7867e47a elementor-widget elementor-widget-text-editor\" data-id=\"7867e47a\" data-element_type=\"widget\" data-e-type=\"widget\" data-settings=\"{&quot;_animation&quot;:&quot;none&quot;}\" data-widget_type=\"text-editor.default\">\n\t\t\t\t<div class=\"elementor-widget-container\">\n\t\t\t\t\t\t\t\t\t<h6 style=\"text-align: right\"><span style=\"color: #000000\">CONVEGNO INTERNAZIONALE<\/span><br \/>Universit\u00e0 Roma Tre<br \/>Roma, 12-14 dicembre 2022<\/h6>\t\t\t\t\t\t\t\t<\/div>\n\t\t\t\t<\/div>\n\t\t\t\t<div class=\"elementor-element elementor-element-78a0f7e elementor-widget elementor-widget-text-editor\" data-id=\"78a0f7e\" data-element_type=\"widget\" data-e-type=\"widget\" data-settings=\"{&quot;_animation&quot;:&quot;none&quot;}\" data-widget_type=\"text-editor.default\">\n\t\t\t\t<div class=\"elementor-widget-container\">\n\t\t\t\t\t\t\t\t\t<h6 style=\"text-align: right\">\u00a0<\/h6><h6 style=\"text-align: right\"><a href=\"https:\/\/portoghese.uniroma3.it\/catedrasaramago\/wp-content\/uploads\/sites\/2\/2022\/12\/programma-Os-Outros-de-Jose-Saramago-30.pdf\"><b style=\"color: #242424;font-family: Calibri, sans-serif;font-size: 11pt;text-align: start\">Programma del convegno<\/b><b style=\"color: #242424;font-family: Calibri, sans-serif;font-size: 11pt;text-align: start\"><\/b><\/a><a href=\"https:\/\/portoghese.uniroma3.it\/catedrasaramago\/wp-content\/uploads\/sites\/2\/2022\/11\/Programma-Os-Outros-de-Jose-Saramago-Roma-Tre-12-14.12.2022-compresso.pdf\"><b style=\"color: #242424;font-family: Calibri, sans-serif;font-size: 11pt;text-align: start\"><br \/><\/b><\/a><a href=\"https:\/\/portoghese.uniroma3.it\/catedrasaramago\/wp-content\/uploads\/sites\/2\/2022\/12\/Autori-e-Abstract-30_compressed-1.pdf\"><b style=\"color: #242424;font-family: Calibri, sans-serif;font-size: 11pt;text-align: start\">Autori e abstract<\/b><\/a><\/h6>\t\t\t\t\t\t\t\t<\/div>\n\t\t\t\t<\/div>\n\t\t\t\t\t<\/div>\n\t\t<\/div>\n\t\t\t\t<div class=\"elementor-column elementor-col-50 elementor-top-column elementor-element elementor-element-76213f8b\" data-id=\"76213f8b\" data-element_type=\"column\" data-e-type=\"column\">\n\t\t\t<div class=\"elementor-widget-wrap elementor-element-populated\">\n\t\t\t\t\t\t<div class=\"elementor-element elementor-element-54530d36 animated-slow elementor-widget elementor-widget-image\" data-id=\"54530d36\" data-element_type=\"widget\" data-e-type=\"widget\" data-settings=\"{&quot;_animation&quot;:&quot;none&quot;,&quot;_animation_delay&quot;:&quot;200&quot;}\" data-widget_type=\"image.default\">\n\t\t\t\t<div class=\"elementor-widget-container\">\n\t\t\t\t\t\t\t\t\t\t\t\t\t\t\t<img loading=\"lazy\" decoding=\"async\" width=\"724\" height=\"1024\" src=\"https:\/\/portoghese.uniroma3.it\/catedrasaramago\/wp-content\/uploads\/sites\/2\/2022\/12\/Locandina-Os-Outros-de-Jose-Saramago-30-724x1024.jpg\" class=\"attachment-large size-large wp-image-372\" alt=\"\" srcset=\"https:\/\/portoghese.uniroma3.it\/catedrasaramago\/wp-content\/uploads\/sites\/2\/2022\/12\/Locandina-Os-Outros-de-Jose-Saramago-30-724x1024.jpg 724w, https:\/\/portoghese.uniroma3.it\/catedrasaramago\/wp-content\/uploads\/sites\/2\/2022\/12\/Locandina-Os-Outros-de-Jose-Saramago-30-212x300.jpg 212w, https:\/\/portoghese.uniroma3.it\/catedrasaramago\/wp-content\/uploads\/sites\/2\/2022\/12\/Locandina-Os-Outros-de-Jose-Saramago-30-768x1086.jpg 768w, https:\/\/portoghese.uniroma3.it\/catedrasaramago\/wp-content\/uploads\/sites\/2\/2022\/12\/Locandina-Os-Outros-de-Jose-Saramago-30-1086x1536.jpg 1086w, https:\/\/portoghese.uniroma3.it\/catedrasaramago\/wp-content\/uploads\/sites\/2\/2022\/12\/Locandina-Os-Outros-de-Jose-Saramago-30-1448x2048.jpg 1448w, https:\/\/portoghese.uniroma3.it\/catedrasaramago\/wp-content\/uploads\/sites\/2\/2022\/12\/Locandina-Os-Outros-de-Jose-Saramago-30.jpg 1587w\" sizes=\"(max-width: 724px) 100vw, 724px\" \/>\t\t\t\t\t\t\t\t\t\t\t\t\t\t\t<\/div>\n\t\t\t\t<\/div>\n\t\t\t\t\t<\/div>\n\t\t<\/div>\n\t\t\t\t\t<\/div>\n\t\t<\/section>\n\t\t\t\t<section class=\"elementor-section elementor-top-section elementor-element elementor-element-793e1bd elementor-section-boxed elementor-section-height-default elementor-section-height-default\" data-id=\"793e1bd\" data-element_type=\"section\" data-e-type=\"section\">\n\t\t\t\t\t\t<div class=\"elementor-container elementor-column-gap-default\">\n\t\t\t\t\t<div class=\"elementor-column elementor-col-50 elementor-top-column elementor-element elementor-element-94c87fd\" data-id=\"94c87fd\" data-element_type=\"column\" data-e-type=\"column\">\n\t\t\t<div class=\"elementor-widget-wrap elementor-element-populated\">\n\t\t\t\t\t\t<div class=\"elementor-element elementor-element-9ffb4f6 elementor-widget elementor-widget-text-editor\" data-id=\"9ffb4f6\" data-element_type=\"widget\" data-e-type=\"widget\" data-widget_type=\"text-editor.default\">\n\t\t\t\t<div class=\"elementor-widget-container\">\n\t\t\t\t\t\t\t\t\t<h4 style=\"text-align: center\"><span style=\"color: #000000\">OS OUTROS (D)E JOS\u00c9 SARAMAGO<\/span><\/h4>\n<h5 style=\"text-align: center\"><span style=\"color: #000000\">Universit\u00e0 Roma Tre<br>Roma, 12-14 dicembre del 2022<\/span><\/h5>\n<p style=\"text-align: left\"><span style=\"color: #000000\">L\u2019 opera di Jos\u00e9 Saramago presenta un dialogo costante e profondo con scrittori e artisti non solo contemporanei e non soltanto portoghesi. La sua lunga esperienza come traduttore, l\u2019attivit\u00e0 editoriale, la produzione saggistica e critica, i riferimenti pi\u00f9 o meno espliciti ad altri autori presenti nei suoi testi, la rielaborazione operistica e cinematografica dei suoi romanzi ma anche il ruolo svolto dall\u2019omonimo premio, nella ridefinizione del canone della letteratura portoghese contemporanea, tutto questo contribuisce a collocare Jos\u00e9 Saramago al centro di un vasto universo letterario e artistico.<\/span><\/p>\n<p style=\"text-align: left\"><span style=\"color: #000000\">In questa prospettiva, in occasione del centenario della nascita di Jos\u00e9 Saramago, il convegno romano \u2013 quarto e ultimo appuntamento delle Confer\u00eancias Itinerantes organizzate dalle Cattedre Saramago delle universit\u00e0 di Vigo, Barcellona, Sofia e Roma Tre \u2013 si propone di ricostruire la complessa rete che, da vari punti di vista, collega l\u2019autore di Ensaio sobre a Cegueira ad altri scrittori e artisti.<\/span><\/p>\n<h5 style=\"text-align: center\"><span style=\"color: #000000\">INVIO DELLE PROPOSTE E CONDIZIONI DI PARTECIPAZIONE<\/span><\/h5>\n<p style=\"text-align: left\"><span style=\"color: #000000\">Il convegno si svolger\u00e0 in modalit\u00e0 presenziale e non \u00e8 prevista una quota di iscrizione. L\u2019organizzazione non potr\u00e0, per\u00f2, sostenere le spese di partecipazione e alloggio dei partecipanti.<\/span><\/p>\n<p style=\"text-align: left\"><span style=\"color: #000000\">Le proposte di intervento, costituite da un titolo, un breve riassunto della comunicazione (massimo 300 parole), 5 parole-chiave e una breve nota biobibliografica dell\u2019autore (massimo 100 parole), dovranno essere inviate al seguente indirizzo di posta elettronica: saramago2022@uniroma3.it<\/span><\/p>\n<p style=\"text-align: left\"><span style=\"color: #000000\">Le proposte dovranno essere inviate entro il 10 luglio 2022<\/span><\/p>\n<p style=\"text-align: left\"><span style=\"color: #000000\">L\u2019eventuale accettazione della proposta sar\u00e0 comunicata entro il 10 settembre 2022<\/span><\/p>\n<p style=\"text-align: left\"><span style=\"color: #000000\">I partecipanti dovranno in ogni caso confermare la propria partecipazione entro il: 10 ottobre 2022<\/span><\/p>\n<p style=\"text-align: left\"><span style=\"color: #000000\">Le comunicazioni non potranno superare i venti minuti.<\/span><\/p>\n<p style=\"text-align: left\"><span style=\"color: #000000\">Nel 2023 sar\u00e0 pubblicato un volume che riunir\u00e0 gli articoli che, sottoposti a doppia valutazione cieca tra pari, risulteranno approvati.<\/span><\/p>\n<p style=\"text-align: left\"><span style=\"color: #000000\">Commissione organizzatrice<br><\/span><span style=\"color: #000000\">Giorgio de Marchis, Luigia De Crescenzo, Gian Luigi De Rosa, Filipa Martins Matos<\/span><\/p>\t\t\t\t\t\t\t\t<\/div>\n\t\t\t\t<\/div>\n\t\t\t\t\t<\/div>\n\t\t<\/div>\n\t\t\t\t<div class=\"elementor-column elementor-col-50 elementor-top-column elementor-element elementor-element-75e9933\" data-id=\"75e9933\" data-element_type=\"column\" data-e-type=\"column\">\n\t\t\t<div class=\"elementor-widget-wrap elementor-element-populated\">\n\t\t\t\t\t\t<div class=\"elementor-element elementor-element-e39495a elementor-widget elementor-widget-text-editor\" data-id=\"e39495a\" data-element_type=\"widget\" data-e-type=\"widget\" data-widget_type=\"text-editor.default\">\n\t\t\t\t<div class=\"elementor-widget-container\">\n\t\t\t\t\t\t\t\t\t<h4 style=\"text-align: center\"><span style=\"color: #000000\">OS OUTROS (D)E JOS\u00c9 SARAMAGO<\/span><\/h4><h5 style=\"text-align: center\"><span style=\"color: #000000\">Universit\u00e0 Roma Tre<\/span><br \/><span style=\"color: #000000\">Roma, 12-14 de dezembro de 2022<\/span><\/h5><p>No conjunto da sua obra, Jos\u00e9 Saramago apresenta um di\u00e1logo constante e profundo com escritores e artistas n\u00e3o s\u00f3 contempor\u00e2neos e n\u00e3o apenas portugueses. A sua longa experi\u00eancia como tradutor, a produ\u00e7\u00e3o ensa\u00edstica e cr\u00edtica, as refer\u00eancias mais ou menos expl\u00edcitas a outros autores nos seus textos, passando pela reelabora\u00e7\u00e3o oper\u00edstica e cinematogr\u00e1fica dos seus romances mas tamb\u00e9m pela relev\u00e2ncia em termos de defini\u00e7\u00e3o do c\u00e2none da literatura portuguesa contempor\u00e2nea a partir do hom\u00f3nimo pr\u00e9mio liter\u00e1rio, tudo isto contribui para colocar Jos\u00e9 Saramago no centro de um vasto universo liter\u00e1rio e art\u00edstico. A confer\u00eancia de Roma prop\u00f5e-se reconstruir a complexa rede de conex\u00f5es que, desde v\u00e1rios pontos de vista, ligam o autor de Ensaio sobre a Cegueira a autores como Homero, Kafka, Baudelaire, Pessoa e Borges, mas tamb\u00e9m a artistas como D\u00fcrer, Fernando Meirelles e Azio Corghi, entre muitos outros.<\/p><h5 style=\"text-align: center\"><span style=\"color: #000000\">PROPOSTAS DE COMUNICA\u00c7\u00c3O E CONDI\u00c7\u00d5ES DE PARTICIPA\u00c7\u00c3O<\/span><\/h5><p><span style=\"color: #000000\">O col\u00f3quio decorrer\u00e1 em modalidade presencial. N\u00e3o haver\u00e1 cobran\u00e7a de taxa de inscri\u00e7\u00e3o mas a organiza\u00e7\u00e3o n\u00e3o arcar\u00e1 com despesas de transporte, hospedagem e alimenta\u00e7\u00e3o dos participantes.<\/span><\/p><p><span style=\"color: #000000\">As propostas de comunica\u00e7\u00e3o, consitu\u00eddas por um t\u00edtulo, um resumo de 200 a 300 palavras, 5 palavras-chave e uma breve nota biobibliogr\u00e1fica (100 palavras) dever\u00e3o ser enviadas para: saramago2022@uniroma3.it<\/span><\/p><p><span style=\"color: #000000\">Submiss\u00e3o de propostas: at\u00e9 10\/julho\/2022<\/span><\/p><p><span style=\"color: #000000\">Notifica\u00e7\u00e3o de aceita\u00e7\u00e3o: at\u00e9 10\/setembro\/2022<\/span><\/p><p><span style=\"color: #000000\">Confirma\u00e7\u00e3o da participa\u00e7\u00e3o por parte dos autores: at\u00e9 10 \/outubro\/2022<\/span><\/p><p><span style=\"color: #000000\">As comunica\u00e7\u00f5es n\u00e3o poder\u00e3o ultrapassar os vinte minutos.<\/span><\/p><p><span style=\"color: #000000\">L\u00ednguas de comunica\u00e7\u00e3o: Portugu\u00eas, Italiano.<\/span><\/p><p><span style=\"color: #000000\">Em 2023, publicar-se-\u00e1 um volume que reunir\u00e1 os textos das comunica\u00e7\u00f5es. Os artigos ser\u00e3o submetidos \u00e0 revis\u00e3o por pares (peer review) e os que forem selecionados ser\u00e3o objeto da publica\u00e7\u00e3o.<\/span><\/p><p><span style=\"color: #000000\">Comiss\u00e3o organizadora<\/span><br \/><span style=\"color: #000000\">Giorgio de Marchis, Luigia De Crescenzo, Gian Luigi De Rosa, Filipa Martins Matos<\/span><\/p>\t\t\t\t\t\t\t\t<\/div>\n\t\t\t\t<\/div>\n\t\t\t\t\t<\/div>\n\t\t<\/div>\n\t\t\t\t\t<\/div>\n\t\t<\/section>\n\t\t\t\t<section class=\"elementor-section elementor-top-section elementor-element elementor-element-d26a781 elementor-section-boxed elementor-section-height-default elementor-section-height-default\" data-id=\"d26a781\" data-element_type=\"section\" data-e-type=\"section\">\n\t\t\t\t\t\t<div class=\"elementor-container elementor-column-gap-default\">\n\t\t\t\t\t<div class=\"elementor-column elementor-col-100 elementor-top-column elementor-element elementor-element-d99d40f\" data-id=\"d99d40f\" data-element_type=\"column\" data-e-type=\"column\">\n\t\t\t<div class=\"elementor-widget-wrap elementor-element-populated\">\n\t\t\t\t\t\t<div class=\"elementor-element elementor-element-bf9d0d9 elementor-widget elementor-widget-heading\" data-id=\"bf9d0d9\" data-element_type=\"widget\" data-e-type=\"widget\" data-widget_type=\"heading.default\">\n\t\t\t\t<div class=\"elementor-widget-container\">\n\t\t\t\t\t<h2 class=\"elementor-heading-title elementor-size-default\">Eventi 2019<\/h2>\t\t\t\t<\/div>\n\t\t\t\t<\/div>\n\t\t\t\t\t<\/div>\n\t\t<\/div>\n\t\t\t\t\t<\/div>\n\t\t<\/section>\n\t\t\t\t<section class=\"elementor-section elementor-top-section elementor-element elementor-element-7ba9602 elementor-section-boxed elementor-section-height-default elementor-section-height-default\" data-id=\"7ba9602\" data-element_type=\"section\" data-e-type=\"section\">\n\t\t\t\t\t\t<div class=\"elementor-container elementor-column-gap-default\">\n\t\t\t\t\t<div class=\"elementor-column elementor-col-100 elementor-top-column elementor-element elementor-element-9df65b5\" data-id=\"9df65b5\" data-element_type=\"column\" data-e-type=\"column\">\n\t\t\t<div class=\"elementor-widget-wrap elementor-element-populated\">\n\t\t\t\t\t\t<div class=\"elementor-element elementor-element-a7dfff1 elementor-widget elementor-widget-text-editor\" data-id=\"a7dfff1\" data-element_type=\"widget\" data-e-type=\"widget\" data-widget_type=\"text-editor.default\">\n\t\t\t\t<div class=\"elementor-widget-container\">\n\t\t\t\t\t\t\t\t\t<h2 class=\"elementor-heading-title elementor-size-default elementor-inline-editing pen\" contenteditable=\"true\" data-elementor-setting-key=\"title\" data-pen-placeholder=\"Digita qui...\">H\u00e3o-de ruir em estrondo os altos muros<\/h2>\t\t\t\t\t\t\t\t<\/div>\n\t\t\t\t<\/div>\n\t\t\t\t\t<\/div>\n\t\t<\/div>\n\t\t\t\t\t<\/div>\n\t\t<\/section>\n\t\t\t\t<section class=\"elementor-section elementor-top-section elementor-element elementor-element-df1d0d3 elementor-section-boxed elementor-section-height-default elementor-section-height-default\" data-id=\"df1d0d3\" data-element_type=\"section\" data-e-type=\"section\">\n\t\t\t\t\t\t<div class=\"elementor-container elementor-column-gap-default\">\n\t\t\t\t\t<div class=\"elementor-column elementor-col-100 elementor-top-column elementor-element elementor-element-88ae912\" data-id=\"88ae912\" data-element_type=\"column\" data-e-type=\"column\">\n\t\t\t<div class=\"elementor-widget-wrap elementor-element-populated\">\n\t\t\t\t\t\t<div class=\"elementor-element elementor-element-a301798 elementor-widget elementor-widget-image\" data-id=\"a301798\" data-element_type=\"widget\" data-e-type=\"widget\" data-widget_type=\"image.default\">\n\t\t\t\t<div class=\"elementor-widget-container\">\n\t\t\t\t\t\t\t\t\t\t\t\t\t\t\t<img loading=\"lazy\" decoding=\"async\" width=\"724\" height=\"1024\" src=\"https:\/\/portoghese.uniroma3.it\/catedrasaramago\/wp-content\/uploads\/sites\/2\/2021\/02\/10.12.2019-II-Dia-Saramago-724x1024.jpg\" class=\"attachment-large size-large wp-image-184\" alt=\"\" srcset=\"https:\/\/portoghese.uniroma3.it\/catedrasaramago\/wp-content\/uploads\/sites\/2\/2021\/02\/10.12.2019-II-Dia-Saramago-724x1024.jpg 724w, https:\/\/portoghese.uniroma3.it\/catedrasaramago\/wp-content\/uploads\/sites\/2\/2021\/02\/10.12.2019-II-Dia-Saramago-212x300.jpg 212w, https:\/\/portoghese.uniroma3.it\/catedrasaramago\/wp-content\/uploads\/sites\/2\/2021\/02\/10.12.2019-II-Dia-Saramago-768x1086.jpg 768w, https:\/\/portoghese.uniroma3.it\/catedrasaramago\/wp-content\/uploads\/sites\/2\/2021\/02\/10.12.2019-II-Dia-Saramago-1086x1536.jpg 1086w, https:\/\/portoghese.uniroma3.it\/catedrasaramago\/wp-content\/uploads\/sites\/2\/2021\/02\/10.12.2019-II-Dia-Saramago-1448x2048.jpg 1448w, https:\/\/portoghese.uniroma3.it\/catedrasaramago\/wp-content\/uploads\/sites\/2\/2021\/02\/10.12.2019-II-Dia-Saramago-scaled-e1613049437432.jpg 400w\" sizes=\"(max-width: 724px) 100vw, 724px\" \/>\t\t\t\t\t\t\t\t\t\t\t\t\t\t\t<\/div>\n\t\t\t\t<\/div>\n\t\t\t\t\t<\/div>\n\t\t<\/div>\n\t\t\t\t\t<\/div>\n\t\t<\/section>\n\t\t\t\t<\/div>\n\t\t","protected":false},"excerpt":{"rendered":"<p>Eventi 2025 Eventi 2023-2024 A sessant\u2019anni dal colpo di stato in Brasile (1964-2024). Convegno internazionale organizzato in collaborazione con l\u2019Ambasciata del Brasile in Italia e con la fondazione Lelio e Lisli Basso (Roma, 5 dicembre 2024). Dia Mundial da L\u00edngua Portuguesa em Roma: A sintaxe do portugu\u00eas no s\u00e9culo XXI. Convegno internazionale organizzato in collaborazione&nbsp;&#8230;<\/p>\n","protected":false},"author":2,"featured_media":0,"parent":0,"menu_order":0,"comment_status":"closed","ping_status":"closed","template":"","meta":{"footnotes":""},"class_list":["post-11","page","type-page","status-publish","hentry"],"_links":{"self":[{"href":"https:\/\/portoghese.uniroma3.it\/catedrasaramago\/wp-json\/wp\/v2\/pages\/11","targetHints":{"allow":["GET"]}}],"collection":[{"href":"https:\/\/portoghese.uniroma3.it\/catedrasaramago\/wp-json\/wp\/v2\/pages"}],"about":[{"href":"https:\/\/portoghese.uniroma3.it\/catedrasaramago\/wp-json\/wp\/v2\/types\/page"}],"author":[{"embeddable":true,"href":"https:\/\/portoghese.uniroma3.it\/catedrasaramago\/wp-json\/wp\/v2\/users\/2"}],"replies":[{"embeddable":true,"href":"https:\/\/portoghese.uniroma3.it\/catedrasaramago\/wp-json\/wp\/v2\/comments?post=11"}],"version-history":[{"count":126,"href":"https:\/\/portoghese.uniroma3.it\/catedrasaramago\/wp-json\/wp\/v2\/pages\/11\/revisions"}],"predecessor-version":[{"id":739,"href":"https:\/\/portoghese.uniroma3.it\/catedrasaramago\/wp-json\/wp\/v2\/pages\/11\/revisions\/739"}],"wp:attachment":[{"href":"https:\/\/portoghese.uniroma3.it\/catedrasaramago\/wp-json\/wp\/v2\/media?parent=11"}],"curies":[{"name":"wp","href":"https:\/\/api.w.org\/{rel}","templated":true}]}}