{"id":68,"date":"2021-02-10T12:12:39","date_gmt":"2021-02-10T11:12:39","guid":{"rendered":"https:\/\/portoghese.uniroma3.it\/catedrasaramago\/?page_id=68"},"modified":"2026-02-04T15:58:00","modified_gmt":"2026-02-04T14:58:00","slug":"pubblicazioni","status":"publish","type":"page","link":"https:\/\/portoghese.uniroma3.it\/catedrasaramago\/pubblicazioni\/","title":{"rendered":"Pubblicazioni"},"content":{"rendered":"\t\t<div data-elementor-type=\"wp-page\" data-elementor-id=\"68\" class=\"elementor elementor-68\">\n\t\t\t\t\t\t<section class=\"elementor-section elementor-top-section elementor-element elementor-element-260c5bd elementor-section-boxed elementor-section-height-default elementor-section-height-default\" data-id=\"260c5bd\" data-element_type=\"section\" data-e-type=\"section\">\n\t\t\t\t\t\t<div class=\"elementor-container elementor-column-gap-default\">\n\t\t\t\t\t<div class=\"elementor-column elementor-col-50 elementor-top-column elementor-element elementor-element-5625544\" data-id=\"5625544\" data-element_type=\"column\" data-e-type=\"column\">\n\t\t\t<div class=\"elementor-widget-wrap elementor-element-populated\">\n\t\t\t\t\t\t<div class=\"elementor-element elementor-element-4cc8ea4 elementor-widget elementor-widget-text-editor\" data-id=\"4cc8ea4\" data-element_type=\"widget\" data-e-type=\"widget\" data-widget_type=\"text-editor.default\">\n\t\t\t\t<div class=\"elementor-widget-container\">\n\t\t\t\t\t\t\t\t\t<p><span style=\"font-size: 20px;\"><a href=\"https:\/\/romatrepress.uniroma3.it\/libro\/os-outros-de-jose-saramago\/\"><strong>G. de Marchis<\/strong>\u00a0(a cura di), <em>Os Outros (d)e Jos\u00e8 Saramago, <\/em>Roma, Roma TrE-Press, 2025<\/a><\/span><\/p><p><span style=\"font-size: 20px;\">\u00a0<\/span><\/p>\t\t\t\t\t\t\t\t<\/div>\n\t\t\t\t<\/div>\n\t\t\t\t\t<\/div>\n\t\t<\/div>\n\t\t\t\t<div class=\"elementor-column elementor-col-50 elementor-top-column elementor-element elementor-element-8cbe84d\" data-id=\"8cbe84d\" data-element_type=\"column\" data-e-type=\"column\">\n\t\t\t<div class=\"elementor-widget-wrap elementor-element-populated\">\n\t\t\t\t\t\t<div class=\"elementor-element elementor-element-c5fc2d3 elementor-widget elementor-widget-image\" data-id=\"c5fc2d3\" data-element_type=\"widget\" data-e-type=\"widget\" data-widget_type=\"image.default\">\n\t\t\t\t<div class=\"elementor-widget-container\">\n\t\t\t\t\t\t\t\t\t\t\t\t\t\t\t<img fetchpriority=\"high\" decoding=\"async\" width=\"400\" height=\"565\" src=\"https:\/\/portoghese.uniroma3.it\/catedrasaramago\/wp-content\/uploads\/sites\/2\/2026\/02\/3.jpg\" class=\"attachment-large size-large wp-image-726\" alt=\"\" srcset=\"https:\/\/portoghese.uniroma3.it\/catedrasaramago\/wp-content\/uploads\/sites\/2\/2026\/02\/3.jpg 400w, https:\/\/portoghese.uniroma3.it\/catedrasaramago\/wp-content\/uploads\/sites\/2\/2026\/02\/3-212x300.jpg 212w\" sizes=\"(max-width: 400px) 100vw, 400px\" \/>\t\t\t\t\t\t\t\t\t\t\t\t\t\t\t<\/div>\n\t\t\t\t<\/div>\n\t\t\t\t\t<\/div>\n\t\t<\/div>\n\t\t\t\t\t<\/div>\n\t\t<\/section>\n\t\t\t\t<section class=\"elementor-section elementor-top-section elementor-element elementor-element-db26a71 elementor-section-boxed elementor-section-height-default elementor-section-height-default\" data-id=\"db26a71\" data-element_type=\"section\" data-e-type=\"section\">\n\t\t\t\t\t\t<div class=\"elementor-container elementor-column-gap-default\">\n\t\t\t\t\t<div class=\"elementor-column elementor-col-50 elementor-top-column elementor-element elementor-element-0b46161\" data-id=\"0b46161\" data-element_type=\"column\" data-e-type=\"column\">\n\t\t\t<div class=\"elementor-widget-wrap elementor-element-populated\">\n\t\t\t\t\t\t<div class=\"elementor-element elementor-element-0bd120b elementor-widget elementor-widget-text-editor\" data-id=\"0bd120b\" data-element_type=\"widget\" data-e-type=\"widget\" data-widget_type=\"text-editor.default\">\n\t\t\t\t<div class=\"elementor-widget-container\">\n\t\t\t\t\t\t\t\t\t<p><span style=\"font-size: 20px\"><a href=\"https:\/\/romatrepress.uniroma3.it\/libro\/o-romance-historico-em-lingua-portuguesa-repensando-em-roma-o-seculo-xix\"><strong>M. Cavaliere<\/strong> (a cura di), <em>O romance hist\u00f3rico em l\u00edngua portuguesa. Repensando, em Roma, o s\u00e9culo XIX<\/em>, Roma, Roma TrE-Press, 2024;<\/a>\u00a0<\/span><\/p>\t\t\t\t\t\t\t\t<\/div>\n\t\t\t\t<\/div>\n\t\t\t\t\t<\/div>\n\t\t<\/div>\n\t\t\t\t<div class=\"elementor-column elementor-col-50 elementor-top-column elementor-element elementor-element-6a14d0d\" data-id=\"6a14d0d\" data-element_type=\"column\" data-e-type=\"column\">\n\t\t\t<div class=\"elementor-widget-wrap elementor-element-populated\">\n\t\t\t\t\t\t<div class=\"elementor-element elementor-element-2b87fa1 elementor-widget elementor-widget-image\" data-id=\"2b87fa1\" data-element_type=\"widget\" data-e-type=\"widget\" data-widget_type=\"image.default\">\n\t\t\t\t<div class=\"elementor-widget-container\">\n\t\t\t\t\t\t\t\t\t\t\t\t\t\t\t<img decoding=\"async\" width=\"400\" height=\"565\" src=\"https:\/\/portoghese.uniroma3.it\/catedrasaramago\/wp-content\/uploads\/sites\/2\/2025\/03\/COPERTINA_LIBRO_1-CAVALIERE.jpg\" class=\"attachment-large size-large wp-image-536\" alt=\"\" srcset=\"https:\/\/portoghese.uniroma3.it\/catedrasaramago\/wp-content\/uploads\/sites\/2\/2025\/03\/COPERTINA_LIBRO_1-CAVALIERE.jpg 400w, https:\/\/portoghese.uniroma3.it\/catedrasaramago\/wp-content\/uploads\/sites\/2\/2025\/03\/COPERTINA_LIBRO_1-CAVALIERE-212x300.jpg 212w\" sizes=\"(max-width: 400px) 100vw, 400px\" \/>\t\t\t\t\t\t\t\t\t\t\t\t\t\t\t<\/div>\n\t\t\t\t<\/div>\n\t\t\t\t\t<\/div>\n\t\t<\/div>\n\t\t\t\t\t<\/div>\n\t\t<\/section>\n\t\t\t\t<section class=\"elementor-section elementor-top-section elementor-element elementor-element-4c1123f elementor-section-boxed elementor-section-height-default elementor-section-height-default\" data-id=\"4c1123f\" data-element_type=\"section\" data-e-type=\"section\">\n\t\t\t\t\t\t<div class=\"elementor-container elementor-column-gap-default\">\n\t\t\t\t\t<div class=\"elementor-column elementor-col-100 elementor-top-column elementor-element elementor-element-4123190\" data-id=\"4123190\" data-element_type=\"column\" data-e-type=\"column\">\n\t\t\t<div class=\"elementor-widget-wrap elementor-element-populated\">\n\t\t\t\t\t\t<div class=\"elementor-element elementor-element-65eba7f elementor-widget elementor-widget-spacer\" data-id=\"65eba7f\" data-element_type=\"widget\" data-e-type=\"widget\" data-widget_type=\"spacer.default\">\n\t\t\t\t<div class=\"elementor-widget-container\">\n\t\t\t\t\t\t\t<div class=\"elementor-spacer\">\n\t\t\t<div class=\"elementor-spacer-inner\"><\/div>\n\t\t<\/div>\n\t\t\t\t\t\t<\/div>\n\t\t\t\t<\/div>\n\t\t\t\t\t<\/div>\n\t\t<\/div>\n\t\t\t\t\t<\/div>\n\t\t<\/section>\n\t\t\t\t<section class=\"elementor-section elementor-top-section elementor-element elementor-element-cd98719 elementor-section-boxed elementor-section-height-default elementor-section-height-default\" data-id=\"cd98719\" data-element_type=\"section\" data-e-type=\"section\">\n\t\t\t\t\t\t<div class=\"elementor-container elementor-column-gap-default\">\n\t\t\t\t\t<div class=\"elementor-column elementor-col-50 elementor-top-column elementor-element elementor-element-d8730b1\" data-id=\"d8730b1\" data-element_type=\"column\" data-e-type=\"column\">\n\t\t\t<div class=\"elementor-widget-wrap elementor-element-populated\">\n\t\t\t\t\t\t<div class=\"elementor-element elementor-element-5054b58 elementor-widget elementor-widget-image\" data-id=\"5054b58\" data-element_type=\"widget\" data-e-type=\"widget\" data-widget_type=\"image.default\">\n\t\t\t\t<div class=\"elementor-widget-container\">\n\t\t\t\t\t\t\t\t\t\t\t\t\t\t\t<img decoding=\"async\" width=\"700\" height=\"862\" src=\"https:\/\/portoghese.uniroma3.it\/catedrasaramago\/wp-content\/uploads\/sites\/2\/2025\/03\/Luigia-Capa.jpg\" class=\"attachment-large size-large wp-image-556\" alt=\"\" srcset=\"https:\/\/portoghese.uniroma3.it\/catedrasaramago\/wp-content\/uploads\/sites\/2\/2025\/03\/Luigia-Capa.jpg 700w, https:\/\/portoghese.uniroma3.it\/catedrasaramago\/wp-content\/uploads\/sites\/2\/2025\/03\/Luigia-Capa-244x300.jpg 244w\" sizes=\"(max-width: 700px) 100vw, 700px\" \/>\t\t\t\t\t\t\t\t\t\t\t\t\t\t\t<\/div>\n\t\t\t\t<\/div>\n\t\t\t\t\t<\/div>\n\t\t<\/div>\n\t\t\t\t<div class=\"elementor-column elementor-col-50 elementor-top-column elementor-element elementor-element-d4328d8\" data-id=\"d4328d8\" data-element_type=\"column\" data-e-type=\"column\">\n\t\t\t<div class=\"elementor-widget-wrap elementor-element-populated\">\n\t\t\t\t\t\t<div class=\"elementor-element elementor-element-9e2c08f elementor-widget elementor-widget-text-editor\" data-id=\"9e2c08f\" data-element_type=\"widget\" data-e-type=\"widget\" data-widget_type=\"text-editor.default\">\n\t\t\t\t<div class=\"elementor-widget-container\">\n\t\t\t\t\t\t\t\t\t<p><a href=\"https:\/\/www.ediorso.it\/triste-cosa-e-esser-donna.html\"><span style=\"font-size: 20px\"><strong>L. De Crescenzo<\/strong>, <em>&#8220;Triste cosa \u00e8 esser donna&#8221;. La femminilit\u00e0 degenerata secondo Abel Botelho<\/em>, Asti, Edizioni dell&#8217;Orso, 2024;\u00a0<\/span><\/a><\/p>\t\t\t\t\t\t\t\t<\/div>\n\t\t\t\t<\/div>\n\t\t\t\t\t<\/div>\n\t\t<\/div>\n\t\t\t\t\t<\/div>\n\t\t<\/section>\n\t\t\t\t<section class=\"elementor-section elementor-top-section elementor-element elementor-element-a556b06 elementor-section-boxed elementor-section-height-default elementor-section-height-default\" data-id=\"a556b06\" data-element_type=\"section\" data-e-type=\"section\">\n\t\t\t\t\t\t<div class=\"elementor-container elementor-column-gap-default\">\n\t\t\t\t\t<div class=\"elementor-column elementor-col-100 elementor-top-column elementor-element elementor-element-9033ff5\" data-id=\"9033ff5\" data-element_type=\"column\" data-e-type=\"column\">\n\t\t\t<div class=\"elementor-widget-wrap elementor-element-populated\">\n\t\t\t\t\t\t<div class=\"elementor-element elementor-element-8668946 elementor-widget elementor-widget-spacer\" data-id=\"8668946\" data-element_type=\"widget\" data-e-type=\"widget\" data-widget_type=\"spacer.default\">\n\t\t\t\t<div class=\"elementor-widget-container\">\n\t\t\t\t\t\t\t<div class=\"elementor-spacer\">\n\t\t\t<div class=\"elementor-spacer-inner\"><\/div>\n\t\t<\/div>\n\t\t\t\t\t\t<\/div>\n\t\t\t\t<\/div>\n\t\t\t\t\t<\/div>\n\t\t<\/div>\n\t\t\t\t\t<\/div>\n\t\t<\/section>\n\t\t\t\t<section class=\"elementor-section elementor-top-section elementor-element elementor-element-25f9fd8 elementor-section-boxed elementor-section-height-default elementor-section-height-default\" data-id=\"25f9fd8\" data-element_type=\"section\" data-e-type=\"section\">\n\t\t\t\t\t\t<div class=\"elementor-container elementor-column-gap-default\">\n\t\t\t\t\t<div class=\"elementor-column elementor-col-50 elementor-top-column elementor-element elementor-element-d43dc52\" data-id=\"d43dc52\" data-element_type=\"column\" data-e-type=\"column\">\n\t\t\t<div class=\"elementor-widget-wrap elementor-element-populated\">\n\t\t\t\t\t\t<div class=\"elementor-element elementor-element-8fdf3c4 elementor-widget elementor-widget-text-editor\" data-id=\"8fdf3c4\" data-element_type=\"widget\" data-e-type=\"widget\" data-widget_type=\"text-editor.default\">\n\t\t\t\t<div class=\"elementor-widget-container\">\n\t\t\t\t\t\t\t\t\t<p><a href=\"https:\/\/www.iedm.it\/2025\/01\/27\/dossier-portogallo-rivoluzione-garofani\"><span style=\"font-size: 20px\"><strong>G. de Marchis <\/strong>\u00a0(a cura di), <em>Dal &#8220;Dossier sul Portogallo&#8221; alla Rivoluzione dei garofani. L&#8217;antisalazarismo in Italia (1963-1974), Roma, Nova Delphi, 2024;<\/em><\/span><\/a><\/p>\t\t\t\t\t\t\t\t<\/div>\n\t\t\t\t<\/div>\n\t\t\t\t\t<\/div>\n\t\t<\/div>\n\t\t\t\t<div class=\"elementor-column elementor-col-50 elementor-top-column elementor-element elementor-element-af6f7b1\" data-id=\"af6f7b1\" data-element_type=\"column\" data-e-type=\"column\">\n\t\t\t<div class=\"elementor-widget-wrap elementor-element-populated\">\n\t\t\t\t\t\t<div class=\"elementor-element elementor-element-5cc8fd0 elementor-widget elementor-widget-image\" data-id=\"5cc8fd0\" data-element_type=\"widget\" data-e-type=\"widget\" data-widget_type=\"image.default\">\n\t\t\t\t<div class=\"elementor-widget-container\">\n\t\t\t\t\t\t\t\t\t\t\t\t\t\t\t<img loading=\"lazy\" decoding=\"async\" width=\"424\" height=\"664\" src=\"https:\/\/portoghese.uniroma3.it\/catedrasaramago\/wp-content\/uploads\/sites\/2\/2025\/03\/Dossier_Portogallo_rivoluzione_garofani-Copertina.jpg\" class=\"attachment-large size-large wp-image-578\" alt=\"\" srcset=\"https:\/\/portoghese.uniroma3.it\/catedrasaramago\/wp-content\/uploads\/sites\/2\/2025\/03\/Dossier_Portogallo_rivoluzione_garofani-Copertina.jpg 424w, https:\/\/portoghese.uniroma3.it\/catedrasaramago\/wp-content\/uploads\/sites\/2\/2025\/03\/Dossier_Portogallo_rivoluzione_garofani-Copertina-192x300.jpg 192w\" sizes=\"(max-width: 424px) 100vw, 424px\" \/>\t\t\t\t\t\t\t\t\t\t\t\t\t\t\t<\/div>\n\t\t\t\t<\/div>\n\t\t\t\t\t<\/div>\n\t\t<\/div>\n\t\t\t\t\t<\/div>\n\t\t<\/section>\n\t\t\t\t<section class=\"elementor-section elementor-top-section elementor-element elementor-element-b808ec0 elementor-section-boxed elementor-section-height-default elementor-section-height-default\" data-id=\"b808ec0\" data-element_type=\"section\" data-e-type=\"section\">\n\t\t\t\t\t\t<div class=\"elementor-container elementor-column-gap-default\">\n\t\t\t\t\t<div class=\"elementor-column elementor-col-100 elementor-top-column elementor-element elementor-element-cb526e6\" data-id=\"cb526e6\" data-element_type=\"column\" data-e-type=\"column\">\n\t\t\t<div class=\"elementor-widget-wrap elementor-element-populated\">\n\t\t\t\t\t\t<div class=\"elementor-element elementor-element-a95ef33 elementor-widget elementor-widget-spacer\" data-id=\"a95ef33\" data-element_type=\"widget\" data-e-type=\"widget\" data-widget_type=\"spacer.default\">\n\t\t\t\t<div class=\"elementor-widget-container\">\n\t\t\t\t\t\t\t<div class=\"elementor-spacer\">\n\t\t\t<div class=\"elementor-spacer-inner\"><\/div>\n\t\t<\/div>\n\t\t\t\t\t\t<\/div>\n\t\t\t\t<\/div>\n\t\t\t\t\t<\/div>\n\t\t<\/div>\n\t\t\t\t\t<\/div>\n\t\t<\/section>\n\t\t\t\t<section class=\"elementor-section elementor-top-section elementor-element elementor-element-0e0a29b elementor-section-boxed elementor-section-height-default elementor-section-height-default\" data-id=\"0e0a29b\" data-element_type=\"section\" data-e-type=\"section\">\n\t\t\t\t\t\t<div class=\"elementor-container elementor-column-gap-default\">\n\t\t\t\t\t<div class=\"elementor-column elementor-col-50 elementor-top-column elementor-element elementor-element-9489c10\" data-id=\"9489c10\" data-element_type=\"column\" data-e-type=\"column\">\n\t\t\t<div class=\"elementor-widget-wrap elementor-element-populated\">\n\t\t\t\t\t\t<div class=\"elementor-element elementor-element-e2dc446 elementor-widget elementor-widget-image\" data-id=\"e2dc446\" data-element_type=\"widget\" data-e-type=\"widget\" data-widget_type=\"image.default\">\n\t\t\t\t<div class=\"elementor-widget-container\">\n\t\t\t\t\t\t\t\t\t\t\t\t\t\t\t<img loading=\"lazy\" decoding=\"async\" width=\"664\" height=\"1024\" src=\"https:\/\/portoghese.uniroma3.it\/catedrasaramago\/wp-content\/uploads\/sites\/2\/2025\/03\/front_de_rosa_sulla_bocca_della_gente-664x1024.jpg\" class=\"attachment-large size-large wp-image-579\" alt=\"\" srcset=\"https:\/\/portoghese.uniroma3.it\/catedrasaramago\/wp-content\/uploads\/sites\/2\/2025\/03\/front_de_rosa_sulla_bocca_della_gente-664x1024.jpg 664w, https:\/\/portoghese.uniroma3.it\/catedrasaramago\/wp-content\/uploads\/sites\/2\/2025\/03\/front_de_rosa_sulla_bocca_della_gente-195x300.jpg 195w, https:\/\/portoghese.uniroma3.it\/catedrasaramago\/wp-content\/uploads\/sites\/2\/2025\/03\/front_de_rosa_sulla_bocca_della_gente-768x1184.jpg 768w, https:\/\/portoghese.uniroma3.it\/catedrasaramago\/wp-content\/uploads\/sites\/2\/2025\/03\/front_de_rosa_sulla_bocca_della_gente-996x1536.jpg 996w, https:\/\/portoghese.uniroma3.it\/catedrasaramago\/wp-content\/uploads\/sites\/2\/2025\/03\/front_de_rosa_sulla_bocca_della_gente-1328x2048.jpg 1328w, https:\/\/portoghese.uniroma3.it\/catedrasaramago\/wp-content\/uploads\/sites\/2\/2025\/03\/front_de_rosa_sulla_bocca_della_gente.jpg 1417w\" sizes=\"(max-width: 664px) 100vw, 664px\" \/>\t\t\t\t\t\t\t\t\t\t\t\t\t\t\t<\/div>\n\t\t\t\t<\/div>\n\t\t\t\t\t<\/div>\n\t\t<\/div>\n\t\t\t\t<div class=\"elementor-column elementor-col-50 elementor-top-column elementor-element elementor-element-4bdfa66\" data-id=\"4bdfa66\" data-element_type=\"column\" data-e-type=\"column\">\n\t\t\t<div class=\"elementor-widget-wrap elementor-element-populated\">\n\t\t\t\t\t\t<div class=\"elementor-element elementor-element-1c1c9d2 elementor-widget elementor-widget-text-editor\" data-id=\"1c1c9d2\" data-element_type=\"widget\" data-e-type=\"widget\" data-widget_type=\"text-editor.default\">\n\t\t\t\t<div class=\"elementor-widget-container\">\n\t\t\t\t\t\t\t\t\t<p><a href=\"https:\/\/novadelphi.it\/contemp_de_rosa_sulla_bocca_della_gente.html\"><span style=\"font-size: 20px\"><strong>G.L. De Rosa<\/strong>\u00a0(a cura di), <em>Sulla bocca della gente. Racconti dal Brasile del XXI secolo<\/em>, Roma, Nova Delphi, 2024;\u00a0<\/span><\/a><\/p><p>\u00a0<\/p>\t\t\t\t\t\t\t\t<\/div>\n\t\t\t\t<\/div>\n\t\t\t\t\t<\/div>\n\t\t<\/div>\n\t\t\t\t\t<\/div>\n\t\t<\/section>\n\t\t\t\t<section class=\"elementor-section elementor-top-section elementor-element elementor-element-43771f9 elementor-section-boxed elementor-section-height-default elementor-section-height-default\" data-id=\"43771f9\" data-element_type=\"section\" data-e-type=\"section\">\n\t\t\t\t\t\t<div class=\"elementor-container elementor-column-gap-default\">\n\t\t\t\t\t<div class=\"elementor-column elementor-col-100 elementor-top-column elementor-element elementor-element-24889b5\" data-id=\"24889b5\" data-element_type=\"column\" data-e-type=\"column\">\n\t\t\t<div class=\"elementor-widget-wrap elementor-element-populated\">\n\t\t\t\t\t\t<div class=\"elementor-element elementor-element-47b608f elementor-widget elementor-widget-spacer\" data-id=\"47b608f\" data-element_type=\"widget\" data-e-type=\"widget\" data-widget_type=\"spacer.default\">\n\t\t\t\t<div class=\"elementor-widget-container\">\n\t\t\t\t\t\t\t<div class=\"elementor-spacer\">\n\t\t\t<div class=\"elementor-spacer-inner\"><\/div>\n\t\t<\/div>\n\t\t\t\t\t\t<\/div>\n\t\t\t\t<\/div>\n\t\t\t\t\t<\/div>\n\t\t<\/div>\n\t\t\t\t\t<\/div>\n\t\t<\/section>\n\t\t\t\t<section class=\"elementor-section elementor-top-section elementor-element elementor-element-7549445 elementor-section-boxed elementor-section-height-default elementor-section-height-default\" data-id=\"7549445\" data-element_type=\"section\" data-e-type=\"section\">\n\t\t\t\t\t\t<div class=\"elementor-container elementor-column-gap-default\">\n\t\t\t\t\t<div class=\"elementor-column elementor-col-50 elementor-top-column elementor-element elementor-element-13e2984\" data-id=\"13e2984\" data-element_type=\"column\" data-e-type=\"column\">\n\t\t\t<div class=\"elementor-widget-wrap elementor-element-populated\">\n\t\t\t\t\t\t<div class=\"elementor-element elementor-element-f58c1aa elementor-widget elementor-widget-text-editor\" data-id=\"f58c1aa\" data-element_type=\"widget\" data-e-type=\"widget\" data-widget_type=\"text-editor.default\">\n\t\t\t\t<div class=\"elementor-widget-container\">\n\t\t\t\t\t\t\t\t\t<p style=\"font-family: Arial, sans-serif;font-size: 36px\"><a href=\"https:\/\/romatrepress.uniroma3.it\/libro\/o-romance-historico-em-lingua-portuguesa-repensando-em-roma-o-seculo-xix\"><span style=\"font-size: 20px\"><strong>AAVV<\/strong>, &#8220;Livre no tempo e em pedra aprisionada&#8221;. Roma nas culturas de l\u00edngua portuguesa, Roma, Edizioni Nuova Culrura, 2024;\u00a0<\/span><\/a><\/p>\t\t\t\t\t\t\t\t<\/div>\n\t\t\t\t<\/div>\n\t\t\t\t\t<\/div>\n\t\t<\/div>\n\t\t\t\t<div class=\"elementor-column elementor-col-50 elementor-top-column elementor-element elementor-element-5debe37\" data-id=\"5debe37\" data-element_type=\"column\" data-e-type=\"column\">\n\t\t\t<div class=\"elementor-widget-wrap elementor-element-populated\">\n\t\t\t\t\t\t<div class=\"elementor-element elementor-element-92abfa6 elementor-widget elementor-widget-image\" data-id=\"92abfa6\" data-element_type=\"widget\" data-e-type=\"widget\" data-widget_type=\"image.default\">\n\t\t\t\t<div class=\"elementor-widget-container\">\n\t\t\t\t\t\t\t\t\t\t\t\t\t\t\t<img loading=\"lazy\" decoding=\"async\" width=\"400\" height=\"564\" src=\"https:\/\/portoghese.uniroma3.it\/catedrasaramago\/wp-content\/uploads\/sites\/2\/2025\/03\/livre-no-tempo.jpg\" class=\"attachment-large size-large wp-image-601\" alt=\"\" srcset=\"https:\/\/portoghese.uniroma3.it\/catedrasaramago\/wp-content\/uploads\/sites\/2\/2025\/03\/livre-no-tempo.jpg 400w, https:\/\/portoghese.uniroma3.it\/catedrasaramago\/wp-content\/uploads\/sites\/2\/2025\/03\/livre-no-tempo-213x300.jpg 213w\" sizes=\"(max-width: 400px) 100vw, 400px\" \/>\t\t\t\t\t\t\t\t\t\t\t\t\t\t\t<\/div>\n\t\t\t\t<\/div>\n\t\t\t\t\t<\/div>\n\t\t<\/div>\n\t\t\t\t\t<\/div>\n\t\t<\/section>\n\t\t\t\t<section class=\"elementor-section elementor-top-section elementor-element elementor-element-851850f elementor-section-boxed elementor-section-height-default elementor-section-height-default\" data-id=\"851850f\" data-element_type=\"section\" data-e-type=\"section\">\n\t\t\t\t\t\t<div class=\"elementor-container elementor-column-gap-default\">\n\t\t\t\t\t<div class=\"elementor-column elementor-col-100 elementor-top-column elementor-element elementor-element-354011c\" data-id=\"354011c\" data-element_type=\"column\" data-e-type=\"column\">\n\t\t\t<div class=\"elementor-widget-wrap elementor-element-populated\">\n\t\t\t\t\t\t<div class=\"elementor-element elementor-element-748916c elementor-widget elementor-widget-spacer\" data-id=\"748916c\" data-element_type=\"widget\" data-e-type=\"widget\" data-widget_type=\"spacer.default\">\n\t\t\t\t<div class=\"elementor-widget-container\">\n\t\t\t\t\t\t\t<div class=\"elementor-spacer\">\n\t\t\t<div class=\"elementor-spacer-inner\"><\/div>\n\t\t<\/div>\n\t\t\t\t\t\t<\/div>\n\t\t\t\t<\/div>\n\t\t\t\t\t<\/div>\n\t\t<\/div>\n\t\t\t\t\t<\/div>\n\t\t<\/section>\n\t\t\t\t<section class=\"elementor-section elementor-top-section elementor-element elementor-element-a2ef5f7 elementor-section-boxed elementor-section-height-default elementor-section-height-default\" data-id=\"a2ef5f7\" data-element_type=\"section\" data-e-type=\"section\">\n\t\t\t\t\t\t<div class=\"elementor-container elementor-column-gap-default\">\n\t\t\t\t\t<div class=\"elementor-column elementor-col-50 elementor-top-column elementor-element elementor-element-69d7697\" data-id=\"69d7697\" data-element_type=\"column\" data-e-type=\"column\">\n\t\t\t<div class=\"elementor-widget-wrap elementor-element-populated\">\n\t\t\t\t\t\t<div class=\"elementor-element elementor-element-7308240 elementor-widget elementor-widget-image\" data-id=\"7308240\" data-element_type=\"widget\" data-e-type=\"widget\" data-widget_type=\"image.default\">\n\t\t\t\t<div class=\"elementor-widget-container\">\n\t\t\t\t\t\t\t\t\t\t\t\t\t\t\t<img loading=\"lazy\" decoding=\"async\" width=\"640\" height=\"960\" src=\"https:\/\/portoghese.uniroma3.it\/catedrasaramago\/wp-content\/uploads\/sites\/2\/2025\/03\/Lezioni-italiane_LNF-scaled-1.png\" class=\"attachment-large size-large wp-image-606\" alt=\"\" srcset=\"https:\/\/portoghese.uniroma3.it\/catedrasaramago\/wp-content\/uploads\/sites\/2\/2025\/03\/Lezioni-italiane_LNF-scaled-1.png 640w, https:\/\/portoghese.uniroma3.it\/catedrasaramago\/wp-content\/uploads\/sites\/2\/2025\/03\/Lezioni-italiane_LNF-scaled-1-200x300.png 200w\" sizes=\"(max-width: 640px) 100vw, 640px\" \/>\t\t\t\t\t\t\t\t\t\t\t\t\t\t\t<\/div>\n\t\t\t\t<\/div>\n\t\t\t\t\t<\/div>\n\t\t<\/div>\n\t\t\t\t<div class=\"elementor-column elementor-col-50 elementor-top-column elementor-element elementor-element-6023584\" data-id=\"6023584\" data-element_type=\"column\" data-e-type=\"column\">\n\t\t\t<div class=\"elementor-widget-wrap elementor-element-populated\">\n\t\t\t\t\t\t<div class=\"elementor-element elementor-element-10ec4ec elementor-widget elementor-widget-text-editor\" data-id=\"10ec4ec\" data-element_type=\"widget\" data-e-type=\"widget\" data-widget_type=\"text-editor.default\">\n\t\t\t\t<div class=\"elementor-widget-container\">\n\t\t\t\t\t\t\t\t\t<p><span style=\"color: #000000;font-family: Times;font-size: medium\">\u00a0<\/span><\/p><p><a href=\"https:\/\/www.lanuovafrontiera.it\/prodotto\/lezioni-italiane\/\"><strong>J. Saramago<\/strong>, <em>Lezioni italiane<\/em>, a cura di G. de Marchis, Roma, La Nuova Frontiera, 2022;<\/a><span style=\"font-size: 20px\">\u00a0<\/span><span style=\"color: #000000;font-family: Times;font-size: medium\">\u00a0<\/span><\/p>\t\t\t\t\t\t\t\t<\/div>\n\t\t\t\t<\/div>\n\t\t\t\t\t<\/div>\n\t\t<\/div>\n\t\t\t\t\t<\/div>\n\t\t<\/section>\n\t\t\t\t<section class=\"elementor-section elementor-top-section elementor-element elementor-element-f5fadd4 elementor-section-boxed elementor-section-height-default elementor-section-height-default\" data-id=\"f5fadd4\" data-element_type=\"section\" data-e-type=\"section\">\n\t\t\t\t\t\t<div class=\"elementor-container elementor-column-gap-default\">\n\t\t\t\t\t<div class=\"elementor-column elementor-col-100 elementor-top-column elementor-element elementor-element-0b4daa6\" data-id=\"0b4daa6\" data-element_type=\"column\" data-e-type=\"column\">\n\t\t\t<div class=\"elementor-widget-wrap elementor-element-populated\">\n\t\t\t\t\t\t<div class=\"elementor-element elementor-element-8dc869a elementor-widget elementor-widget-spacer\" data-id=\"8dc869a\" data-element_type=\"widget\" data-e-type=\"widget\" data-widget_type=\"spacer.default\">\n\t\t\t\t<div class=\"elementor-widget-container\">\n\t\t\t\t\t\t\t<div class=\"elementor-spacer\">\n\t\t\t<div class=\"elementor-spacer-inner\"><\/div>\n\t\t<\/div>\n\t\t\t\t\t\t<\/div>\n\t\t\t\t<\/div>\n\t\t\t\t\t<\/div>\n\t\t<\/div>\n\t\t\t\t\t<\/div>\n\t\t<\/section>\n\t\t\t\t<section class=\"elementor-section elementor-top-section elementor-element elementor-element-e5b819b elementor-section-boxed elementor-section-height-default elementor-section-height-default\" data-id=\"e5b819b\" data-element_type=\"section\" data-e-type=\"section\">\n\t\t\t\t\t\t<div class=\"elementor-container elementor-column-gap-default\">\n\t\t\t\t\t<div class=\"elementor-column elementor-col-50 elementor-top-column elementor-element elementor-element-779faf8\" data-id=\"779faf8\" data-element_type=\"column\" data-e-type=\"column\">\n\t\t\t<div class=\"elementor-widget-wrap elementor-element-populated\">\n\t\t\t\t\t\t<div class=\"elementor-element elementor-element-425cd5a elementor-widget elementor-widget-text-editor\" data-id=\"425cd5a\" data-element_type=\"widget\" data-e-type=\"widget\" data-widget_type=\"text-editor.default\">\n\t\t\t\t<div class=\"elementor-widget-container\">\n\t\t\t\t\t\t\t\t\t<p>\u00a0<\/p><p><a href=\"https:\/\/www.novadelphi.it\/z_academia_de_crescenzo_clarice_lispector.html\"><strong>L. De Crescenzo<\/strong>, <em>Clarice Lispector. Corpi disciplinati, corpi (dis)obbedienti<\/em>, Roma, Nova Delphi, 2019;<\/a><\/p>\t\t\t\t\t\t\t\t<\/div>\n\t\t\t\t<\/div>\n\t\t\t\t\t<\/div>\n\t\t<\/div>\n\t\t\t\t<div class=\"elementor-column elementor-col-50 elementor-top-column elementor-element elementor-element-83206d4\" data-id=\"83206d4\" data-element_type=\"column\" data-e-type=\"column\">\n\t\t\t<div class=\"elementor-widget-wrap elementor-element-populated\">\n\t\t\t\t\t\t<div class=\"elementor-element elementor-element-834ed08 elementor-widget elementor-widget-image\" data-id=\"834ed08\" data-element_type=\"widget\" data-e-type=\"widget\" data-widget_type=\"image.default\">\n\t\t\t\t<div class=\"elementor-widget-container\">\n\t\t\t\t\t\t\t\t\t\t\t\t\t\t\t<img loading=\"lazy\" decoding=\"async\" width=\"400\" height=\"626\" src=\"https:\/\/portoghese.uniroma3.it\/catedrasaramago\/wp-content\/uploads\/sites\/2\/2025\/03\/de_crescenzo_clarice_lispector.jpg\" class=\"attachment-large size-large wp-image-607\" alt=\"\" srcset=\"https:\/\/portoghese.uniroma3.it\/catedrasaramago\/wp-content\/uploads\/sites\/2\/2025\/03\/de_crescenzo_clarice_lispector.jpg 400w, https:\/\/portoghese.uniroma3.it\/catedrasaramago\/wp-content\/uploads\/sites\/2\/2025\/03\/de_crescenzo_clarice_lispector-192x300.jpg 192w\" sizes=\"(max-width: 400px) 100vw, 400px\" \/>\t\t\t\t\t\t\t\t\t\t\t\t\t\t\t<\/div>\n\t\t\t\t<\/div>\n\t\t\t\t\t<\/div>\n\t\t<\/div>\n\t\t\t\t\t<\/div>\n\t\t<\/section>\n\t\t\t\t<section class=\"elementor-section elementor-top-section elementor-element elementor-element-1cf4e22 elementor-section-boxed elementor-section-height-default elementor-section-height-default\" data-id=\"1cf4e22\" data-element_type=\"section\" data-e-type=\"section\">\n\t\t\t\t\t\t<div class=\"elementor-container elementor-column-gap-default\">\n\t\t\t\t\t<div class=\"elementor-column elementor-col-100 elementor-top-column elementor-element elementor-element-5b65246\" data-id=\"5b65246\" data-element_type=\"column\" data-e-type=\"column\">\n\t\t\t<div class=\"elementor-widget-wrap elementor-element-populated\">\n\t\t\t\t\t\t<div class=\"elementor-element elementor-element-da69d2e elementor-widget elementor-widget-spacer\" data-id=\"da69d2e\" data-element_type=\"widget\" data-e-type=\"widget\" data-widget_type=\"spacer.default\">\n\t\t\t\t<div class=\"elementor-widget-container\">\n\t\t\t\t\t\t\t<div class=\"elementor-spacer\">\n\t\t\t<div class=\"elementor-spacer-inner\"><\/div>\n\t\t<\/div>\n\t\t\t\t\t\t<\/div>\n\t\t\t\t<\/div>\n\t\t\t\t\t<\/div>\n\t\t<\/div>\n\t\t\t\t\t<\/div>\n\t\t<\/section>\n\t\t\t\t<section class=\"elementor-section elementor-top-section elementor-element elementor-element-1ed2b41 elementor-section-boxed elementor-section-height-default elementor-section-height-default\" data-id=\"1ed2b41\" data-element_type=\"section\" data-e-type=\"section\">\n\t\t\t\t\t\t<div class=\"elementor-container elementor-column-gap-default\">\n\t\t\t\t\t<div class=\"elementor-column elementor-col-50 elementor-top-column elementor-element elementor-element-95aecca\" data-id=\"95aecca\" data-element_type=\"column\" data-e-type=\"column\">\n\t\t\t<div class=\"elementor-widget-wrap elementor-element-populated\">\n\t\t\t\t\t\t<div class=\"elementor-element elementor-element-576ee55 elementor-widget elementor-widget-image\" data-id=\"576ee55\" data-element_type=\"widget\" data-e-type=\"widget\" data-widget_type=\"image.default\">\n\t\t\t\t<div class=\"elementor-widget-container\">\n\t\t\t\t\t\t\t\t\t\t\t\t\t\t\t<img loading=\"lazy\" decoding=\"async\" width=\"260\" height=\"400\" src=\"https:\/\/portoghese.uniroma3.it\/catedrasaramago\/wp-content\/uploads\/sites\/2\/2025\/03\/felici.jpg\" class=\"attachment-large size-large wp-image-608\" alt=\"\" srcset=\"https:\/\/portoghese.uniroma3.it\/catedrasaramago\/wp-content\/uploads\/sites\/2\/2025\/03\/felici.jpg 260w, https:\/\/portoghese.uniroma3.it\/catedrasaramago\/wp-content\/uploads\/sites\/2\/2025\/03\/felici-195x300.jpg 195w\" sizes=\"(max-width: 260px) 100vw, 260px\" \/>\t\t\t\t\t\t\t\t\t\t\t\t\t\t\t<\/div>\n\t\t\t\t<\/div>\n\t\t\t\t\t<\/div>\n\t\t<\/div>\n\t\t\t\t<div class=\"elementor-column elementor-col-50 elementor-top-column elementor-element elementor-element-1c2102a\" data-id=\"1c2102a\" data-element_type=\"column\" data-e-type=\"column\">\n\t\t\t<div class=\"elementor-widget-wrap elementor-element-populated\">\n\t\t\t\t\t\t<div class=\"elementor-element elementor-element-b787a08 elementor-widget elementor-widget-text-editor\" data-id=\"b787a08\" data-element_type=\"widget\" data-e-type=\"widget\" data-widget_type=\"text-editor.default\">\n\t\t\t\t<div class=\"elementor-widget-container\">\n\t\t\t\t\t\t\t\t\t<p>\u00a0<\/p><p><a href=\"https:\/\/www.settecitta.eu\/catalogo\/libro\/9788878538566-alla-periferia-del-progresso-xe7pwa\"><strong>M. S. Felici<\/strong>, Alla periferia del progresso. Le correnti politiche ottocentesche in E\u00e7a de Queir\u00f3s e Leopoldo Alas \u201cClar\u00edn\u201d, Viterbo, Sette Citt\u00e0, 2019.<\/a><\/p>\t\t\t\t\t\t\t\t<\/div>\n\t\t\t\t<\/div>\n\t\t\t\t\t<\/div>\n\t\t<\/div>\n\t\t\t\t\t<\/div>\n\t\t<\/section>\n\t\t\t\t<\/div>\n\t\t","protected":false},"excerpt":{"rendered":"<p>G. de Marchis\u00a0(a cura di), Os Outros (d)e Jos\u00e8 Saramago, Roma, Roma TrE-Press, 2025 \u00a0 M. Cavaliere (a cura di), O romance hist\u00f3rico em l\u00edngua portuguesa. Repensando, em Roma, o s\u00e9culo XIX, Roma, Roma TrE-Press, 2024;\u00a0 L. De Crescenzo, &#8220;Triste cosa \u00e8 esser donna&#8221;. La femminilit\u00e0 degenerata secondo Abel Botelho, Asti, Edizioni dell&#8217;Orso, 2024;\u00a0 G.&nbsp;&#8230;<\/p>\n","protected":false},"author":2,"featured_media":0,"parent":0,"menu_order":0,"comment_status":"closed","ping_status":"closed","template":"","meta":{"footnotes":""},"class_list":["post-68","page","type-page","status-publish","hentry"],"_links":{"self":[{"href":"https:\/\/portoghese.uniroma3.it\/catedrasaramago\/wp-json\/wp\/v2\/pages\/68","targetHints":{"allow":["GET"]}}],"collection":[{"href":"https:\/\/portoghese.uniroma3.it\/catedrasaramago\/wp-json\/wp\/v2\/pages"}],"about":[{"href":"https:\/\/portoghese.uniroma3.it\/catedrasaramago\/wp-json\/wp\/v2\/types\/page"}],"author":[{"embeddable":true,"href":"https:\/\/portoghese.uniroma3.it\/catedrasaramago\/wp-json\/wp\/v2\/users\/2"}],"replies":[{"embeddable":true,"href":"https:\/\/portoghese.uniroma3.it\/catedrasaramago\/wp-json\/wp\/v2\/comments?post=68"}],"version-history":[{"count":68,"href":"https:\/\/portoghese.uniroma3.it\/catedrasaramago\/wp-json\/wp\/v2\/pages\/68\/revisions"}],"predecessor-version":[{"id":730,"href":"https:\/\/portoghese.uniroma3.it\/catedrasaramago\/wp-json\/wp\/v2\/pages\/68\/revisions\/730"}],"wp:attachment":[{"href":"https:\/\/portoghese.uniroma3.it\/catedrasaramago\/wp-json\/wp\/v2\/media?parent=68"}],"curies":[{"name":"wp","href":"https:\/\/api.w.org\/{rel}","templated":true}]}}