{"id":70,"date":"2021-02-10T12:12:39","date_gmt":"2021-02-10T11:12:39","guid":{"rendered":"https:\/\/portoghese.uniroma3.it\/catedrasaramago\/?page_id=70"},"modified":"2025-03-04T18:56:29","modified_gmt":"2025-03-04T17:56:29","slug":"partnership","status":"publish","type":"page","link":"https:\/\/portoghese.uniroma3.it\/catedrasaramago\/partnership\/","title":{"rendered":"Partnership"},"content":{"rendered":"\t\t<div data-elementor-type=\"wp-page\" data-elementor-id=\"70\" class=\"elementor elementor-70\">\n\t\t\t\t\t\t<section class=\"elementor-section elementor-top-section elementor-element elementor-element-2fb80c2 elementor-section-boxed elementor-section-height-default elementor-section-height-default\" data-id=\"2fb80c2\" data-element_type=\"section\" data-e-type=\"section\">\n\t\t\t\t\t\t<div class=\"elementor-container elementor-column-gap-default\">\n\t\t\t\t\t<div class=\"elementor-column elementor-col-100 elementor-top-column elementor-element elementor-element-2053358\" data-id=\"2053358\" data-element_type=\"column\" data-e-type=\"column\">\n\t\t\t<div class=\"elementor-widget-wrap elementor-element-populated\">\n\t\t\t\t\t\t<div class=\"elementor-element elementor-element-42ec8a8 elementor-widget elementor-widget-text-editor\" data-id=\"42ec8a8\" data-element_type=\"widget\" data-e-type=\"widget\" data-widget_type=\"text-editor.default\">\n\t\t\t\t<div class=\"elementor-widget-container\">\n\t\t\t\t\t\t\t\t\t<p style=\"color: #000000;font-family: Times;font-size: medium\"><strong>Camoes, Instituto da Coopera\u00e7\u00e3o e da L\u00edngua \u2013 Portugal<\/strong> <br \/><a href=\"https:\/\/www.instituto-camoes.pt\/\">https:\/\/www.instituto-camoes.pt\/<\/a><\/p><p style=\"color: #000000;font-family: Times;font-size: medium\"><strong>Ambasciata del Portogallo in Italia <\/strong><br \/><a href=\"https:\/\/roma.embaixadaportugal.mne.gov.pt\/it\/\">https:\/\/roma.embaixadaportugal.mne.gov.pt\/it\/<\/a><\/p><p style=\"color: #000000;font-family: Times;font-size: medium\"><strong>Ambasciata della Repubblica d\u2019Angola in Italia<\/strong> <br \/><a href=\"https:\/\/www.ambasciatangolana.com\/\">https:\/\/www.ambasciatangolana.com\/<\/a><\/p><p style=\"color: #000000;font-family: Times;font-size: medium\"><strong>Ambasciata del Brasile in Italia <\/strong><br \/><a href=\"https:\/\/www.gov.br\/mre\/pt-br\/embaixada-roma\">https:\/\/www.gov.br\/mre\/pt-br\/embaixada-roma<\/a><\/p><p style=\"color: #000000;font-family: Times;font-size: medium\"><strong>Jangada. Rede internacional de C\u00e1tedras, Centros de Investiga\u00e7\u00e3o e Associa\u00e7\u00f5es (galegas e lus\u00f3fonas)<\/strong> <a href=\"https:\/\/jangada.webs.uvigo.gal\/\">https:\/\/jangada.webs.uvigo.gal\/<\/a><\/p><p style=\"color: #000000;font-family: Times;font-size: medium\"><b>Instituto Guimar\u00e3es Rosa Roma <br \/><\/b><a href=\"https:\/\/jangada.webs.uvigo.gal\/\">https:\/\/www.gov.br\/mre\/pt-br\/embaixada-roma\/instituto-guimaraes-rosa<\/a><\/p><p style=\"color: #000000;font-family: Times;font-size: medium\"><strong>Funda\u00e7\u00e3o Jos\u00e9 Saramago<\/strong> <br \/><a href=\"https:\/\/www.josesaramago.org\/\">https:\/\/www.josesaramago.org\/<\/a><\/p><p style=\"color: #000000;font-family: Times;font-size: medium\"><strong>C\u00e2mara Municipal de Montemor-o-Novo<\/strong> <br \/><a href=\"https:\/\/www.cm-montemornovo.pt\/\">https:\/\/www.cm-montemornovo.pt\/<\/a><\/p><p style=\"color: #000000;font-family: Times;font-size: medium\"><strong>Comune di Ravello <\/strong><br \/><a href=\"https:\/\/www.comune.ravello.sa.it\/\">https:\/\/www.comune.ravello.sa.it\/<\/a><\/p><p style=\"color: #000000;font-family: Times;font-size: medium\"><strong>Culture Sonore <\/strong><br \/><a href=\"https:\/\/www.culturesonore.it\/\">https:\/\/www.culturesonore.it\/<\/a><\/p><p style=\"color: #000000;font-family: Times;font-size: medium\"><strong>Salerno Letteratura Festival <\/strong><br \/><a href=\"https:\/\/www.salernoletteratura.com\/\">https:\/\/www.salernoletteratura.com\/<\/a><\/p><p style=\"color: #000000;font-family: Times;font-size: medium\"><strong>Fondazione Lelio e Lisli Basso <\/strong><br \/><a href=\"https:\/\/www.fondazionebasso.it\/2015\/\">https:\/\/www.fondazionebasso.it\/2015\/<\/a><\/p><p style=\"color: #000000;font-family: Times;font-size: medium\"><strong>Istituto Ernesto de Martino <\/strong><br \/><a href=\"https:\/\/www.iedm.it\/\">https:\/\/www.iedm.it\/<\/a><\/p>\t\t\t\t\t\t\t\t<\/div>\n\t\t\t\t<\/div>\n\t\t\t\t\t<\/div>\n\t\t<\/div>\n\t\t\t\t\t<\/div>\n\t\t<\/section>\n\t\t\t\t<\/div>\n\t\t","protected":false},"excerpt":{"rendered":"<p>Camoes, Instituto da Coopera\u00e7\u00e3o e da L\u00edngua \u2013 Portugal https:\/\/www.instituto-camoes.pt\/ Ambasciata del Portogallo in Italia https:\/\/roma.embaixadaportugal.mne.gov.pt\/it\/ Ambasciata della Repubblica d\u2019Angola in Italia https:\/\/www.ambasciatangolana.com\/ Ambasciata del Brasile in Italia https:\/\/www.gov.br\/mre\/pt-br\/embaixada-roma Jangada. Rede internacional de C\u00e1tedras, Centros de Investiga\u00e7\u00e3o e Associa\u00e7\u00f5es (galegas e lus\u00f3fonas) https:\/\/jangada.webs.uvigo.gal\/ Instituto Guimar\u00e3es Rosa Roma https:\/\/www.gov.br\/mre\/pt-br\/embaixada-roma\/instituto-guimaraes-rosa Funda\u00e7\u00e3o Jos\u00e9 Saramago https:\/\/www.josesaramago.org\/ C\u00e2mara Municipal de&nbsp;&#8230;<\/p>\n","protected":false},"author":2,"featured_media":0,"parent":0,"menu_order":0,"comment_status":"closed","ping_status":"closed","template":"","meta":{"footnotes":""},"class_list":["post-70","page","type-page","status-publish","hentry"],"_links":{"self":[{"href":"https:\/\/portoghese.uniroma3.it\/catedrasaramago\/wp-json\/wp\/v2\/pages\/70","targetHints":{"allow":["GET"]}}],"collection":[{"href":"https:\/\/portoghese.uniroma3.it\/catedrasaramago\/wp-json\/wp\/v2\/pages"}],"about":[{"href":"https:\/\/portoghese.uniroma3.it\/catedrasaramago\/wp-json\/wp\/v2\/types\/page"}],"author":[{"embeddable":true,"href":"https:\/\/portoghese.uniroma3.it\/catedrasaramago\/wp-json\/wp\/v2\/users\/2"}],"replies":[{"embeddable":true,"href":"https:\/\/portoghese.uniroma3.it\/catedrasaramago\/wp-json\/wp\/v2\/comments?post=70"}],"version-history":[{"count":14,"href":"https:\/\/portoghese.uniroma3.it\/catedrasaramago\/wp-json\/wp\/v2\/pages\/70\/revisions"}],"predecessor-version":[{"id":517,"href":"https:\/\/portoghese.uniroma3.it\/catedrasaramago\/wp-json\/wp\/v2\/pages\/70\/revisions\/517"}],"wp:attachment":[{"href":"https:\/\/portoghese.uniroma3.it\/catedrasaramago\/wp-json\/wp\/v2\/media?parent=70"}],"curies":[{"name":"wp","href":"https:\/\/api.w.org\/{rel}","templated":true}]}}