{"id":1719,"date":"2023-05-23T10:03:23","date_gmt":"2023-05-23T08:03:23","guid":{"rendered":"https:\/\/portoghese.uniroma3.it\/clplanciani\/?page_id=1719"},"modified":"2024-12-13T00:06:00","modified_gmt":"2024-12-12T23:06:00","slug":"programma","status":"publish","type":"page","link":"https:\/\/portoghese.uniroma3.it\/clplanciani\/lusomovies\/lusomovies-2023\/programma\/","title":{"rendered":"Lusomovies 2023 \u2013 Programma"},"content":{"rendered":"<p>\/*! elementor &#8211; v3.14.0 &#8211; 18-06-2023 *\/<br \/>\n.elementor-widget-image{text-align:center}.elementor-widget-image a{display:inline-block}.elementor-widget-image a img[src$=&#8221;.svg&#8221;]{width:48px}.elementor-widget-image img{vertical-align:middle;display:inline-block}\t\t\t\t\t\t\t\t\t\t\t\t<img decoding=\"async\" width=\"538\" height=\"600\" src=\"https:\/\/portoghese.uniroma3.it\/clplanciani\/wp-content\/uploads\/sites\/4\/2023\/05\/lusomovies2023.png\" alt=\"\" loading=\"lazy\" \/><br \/>\n\t\t\t\/*! elementor &#8211; v3.14.0 &#8211; 18-06-2023 *\/<br \/>\n.elementor-heading-title{padding:0;margin:0;line-height:1}.elementor-widget-heading .elementor-heading-title[class*=elementor-size-]&gt;a{color:inherit;font-size:inherit;line-height:inherit}.elementor-widget-heading .elementor-heading-title.elementor-size-small{font-size:15px}.elementor-widget-heading .elementor-heading-title.elementor-size-medium{font-size:19px}.elementor-widget-heading .elementor-heading-title.elementor-size-large{font-size:29px}.elementor-widget-heading .elementor-heading-title.elementor-size-xl{font-size:39px}.elementor-widget-heading .elementor-heading-title.elementor-size-xxl{font-size:59px}<\/p>\n<h2>Programma \u2013 III edizione<\/h2>\n<p>Roma, 30 maggio 2023, ore 18<\/p>\n<p>Auditorium \u201cGlauber Rocha\u201d \u2013 Instituto Guimar\u00e3es Rosa<\/p>\n<p>Piazza Navona, 18 \u2013 Roma<\/p>\n<p><strong>Ingresso libero<\/strong><\/p>\n<p>Lusomovies nasce nel 2021 con l\u2019obiettivo di promuovere il cinema in lingua portoghese nel format cortometraggio. Ideato da Gian Luigi De Rosa e Salvador Pippa, come vetrina dei cortometraggi in lingua portoghese, si \u00e8 trasformato, a partire dalla sua seconda edizione, nel 2022, in Festival istituendo il Premio Miglior Cortometraggio, attribuito dal pubblico.<\/p>\n<p>Nel 2023, Lusomovies cambia ancora pelle e aggiunge al Premio del pubblico anche il Premio assegnato da una giuria di esperti.<\/p>\n<p>\t\t\t\/*! elementor &#8211; v3.14.0 &#8211; 18-06-2023 *\/<br \/>\n.elementor-widget-divider{&#8211;divider-border-style:none;&#8211;divider-border-width:1px;&#8211;divider-color:#0c0d0e;&#8211;divider-icon-size:20px;&#8211;divider-element-spacing:10px;&#8211;divider-pattern-height:24px;&#8211;divider-pattern-size:20px;&#8211;divider-pattern-url:none;&#8211;divider-pattern-repeat:repeat-x}.elementor-widget-divider .elementor-divider{display:flex}.elementor-widget-divider .elementor-divider__text{font-size:15px;line-height:1;max-width:95%}.elementor-widget-divider .elementor-divider__element{margin:0 var(&#8211;divider-element-spacing);flex-shrink:0}.elementor-widget-divider .elementor-icon{font-size:var(&#8211;divider-icon-size)}.elementor-widget-divider .elementor-divider-separator{display:flex;margin:0;direction:ltr}.elementor-widget-divider&#8211;view-line_icon .elementor-divider-separator,.elementor-widget-divider&#8211;view-line_text .elementor-divider-separator{align-items:center}.elementor-widget-divider&#8211;view-line_icon .elementor-divider-separator:after,.elementor-widget-divider&#8211;view-line_icon .elementor-divider-separator:before,.elementor-widget-divider&#8211;view-line_text .elementor-divider-separator:after,.elementor-widget-divider&#8211;view-line_text .elementor-divider-separator:before{display:block;content:&#8221;&#8221;;border-bottom:0;flex-grow:1;border-top:var(&#8211;divider-border-width) var(&#8211;divider-border-style) var(&#8211;divider-color)}.elementor-widget-divider&#8211;element-align-left .elementor-divider .elementor-divider-separator&gt;.elementor-divider__svg:first-of-type{flex-grow:0;flex-shrink:100}.elementor-widget-divider&#8211;element-align-left .elementor-divider-separator:before{content:none}.elementor-widget-divider&#8211;element-align-left .elementor-divider__element{margin-left:0}.elementor-widget-divider&#8211;element-align-right .elementor-divider .elementor-divider-separator&gt;.elementor-divider__svg:last-of-type{flex-grow:0;flex-shrink:100}.elementor-widget-divider&#8211;element-align-right .elementor-divider-separator:after{content:none}.elementor-widget-divider&#8211;element-align-right .elementor-divider__element{margin-right:0}.elementor-widget-divider:not(.elementor-widget-divider&#8211;view-line_text):not(.elementor-widget-divider&#8211;view-line_icon) .elementor-divider-separator{border-top:var(&#8211;divider-border-width) var(&#8211;divider-border-style) var(&#8211;divider-color)}.elementor-widget-divider&#8211;separator-type-pattern{&#8211;divider-border-style:none}.elementor-widget-divider&#8211;separator-type-pattern.elementor-widget-divider&#8211;view-line .elementor-divider-separator,.elementor-widget-divider&#8211;separator-type-pattern:not(.elementor-widget-divider&#8211;view-line) .elementor-divider-separator:after,.elementor-widget-divider&#8211;separator-type-pattern:not(.elementor-widget-divider&#8211;view-line) .elementor-divider-separator:before,.elementor-widget-divider&#8211;separator-type-pattern:not([class*=elementor-widget-divider&#8211;view]) .elementor-divider-separator{width:100%;min-height:var(&#8211;divider-pattern-height);-webkit-mask-size:var(&#8211;divider-pattern-size) 100%;mask-size:var(&#8211;divider-pattern-size) 100%;-webkit-mask-repeat:var(&#8211;divider-pattern-repeat);mask-repeat:var(&#8211;divider-pattern-repeat);background-color:var(&#8211;divider-color);-webkit-mask-image:var(&#8211;divider-pattern-url);mask-image:var(&#8211;divider-pattern-url)}.elementor-widget-divider&#8211;no-spacing{&#8211;divider-pattern-size:auto}.elementor-widget-divider&#8211;bg-round{&#8211;divider-pattern-repeat:round}.rtl .elementor-widget-divider .elementor-divider__text{direction:rtl}.e-con-inner&gt;.elementor-widget-divider,.e-con&gt;.elementor-widget-divider{width:var(&#8211;container-widget-width,100%);&#8211;flex-grow:var(&#8211;container-widget-flex-grow)}<br \/>\n\t\t<iframe loading=\"lazy\" title=\"LINEA D&#039;ARTE LUSOMOVIES\" width=\"500\" height=\"281\" src=\"https:\/\/www.youtube.com\/embed\/wiOPnWYbnzg?feature=oembed\" frameborder=\"0\" allow=\"accelerometer; autoplay; clipboard-write; encrypted-media; gyroscope; picture-in-picture; web-share\" referrerpolicy=\"strict-origin-when-cross-origin\" allowfullscreen><\/iframe>\t\t<\/p>\n<h2>Cortometraggi in concorso<\/h2>\n<p>\t\t\t\t\t\t\t\t\t\t\t\t\t\t\t<img decoding=\"async\" width=\"496\" height=\"396\" src=\"https:\/\/portoghese.uniroma3.it\/clplanciani\/wp-content\/uploads\/sites\/4\/2023\/05\/Schermata-2023-05-20-alle-16.22.32.png\" alt=\"\" loading=\"lazy\" \/>\t\t\t\t\t\t\t\t\t\t\t\t\t\t\t<\/p>\n<h3>A corda<\/h3>\n<h4>H\u00e9lder Manuel Bata | Mozambico | 2023 | 14\u20194\u201d | Fiction<\/h4>\n<p style=\"margin-bottom: 0px;padding: 0px 0px 1em;border: 0px;vertical-align: baseline;background-image: initial;background-position: initial;background-size: initial;background-attachment: initial;color: #666666;font-family: Roboto, Helvetica, Arial, Lucida, sans-serif\">Con Daniel Banze, Ces\u00e1ria Vuende, Mercio Moiane. Vasco, un adolescente che ha perso i genitori in un incidente stradale, \u00e8 costretto a vivere con la zia materna e suo marito. La situazione di disagio si aggrava quando lo zio, consapevole che Vasco non ha un altro posto dove andare, approfitta della situazione per abusare di lui.<\/p>\n<p>\t\t\t\t\t\t\t\t\t\t\t\t\t\t\t<img decoding=\"async\" width=\"768\" height=\"570\" src=\"https:\/\/portoghese.uniroma3.it\/clplanciani\/wp-content\/uploads\/sites\/4\/2023\/05\/Schermata-2023-05-20-alle-16.27.35-768x570.png\" alt=\"\" loading=\"lazy\" \/>\t\t\t\t\t\t\t\t\t\t\t\t\t\t\t<\/p>\n<h3>Abscesso<\/h3>\n<h4>Bianca Iatallese | Brasile | 2022 | 15\u201941\u201d | Docu-Fiction<\/h4>\n<p style=\"margin-bottom: 0px;padding: 0px 0px 1em;border: 0px;vertical-align: baseline;background-image: initial;background-position: initial;background-size: initial;background-attachment: initial;color: #666666;font-family: Roboto, Helvetica, Arial, Lucida, sans-serif\"><em>Abscesso<\/em>\u00a0\u00e8 la storia di Jo\u00e3o, un giovane della comunit\u00e0 di Vila Heli\u00f3polis (la pi\u00f9 grande\u00a0<em>favela<\/em>\u00a0di San Paolo), che denuncia, sotto forma di poesia slam, i mali e le storture della sua quotidianit\u00e0 di lavoratore di una classe costantemente emarginata dalla societ\u00e0: i raccoglitori di rifiuti, durante la pandemia di Covid.<\/p>\n<p>\t\t\t\t\t\t\t\t\t\t\t\t\t\t\t<img decoding=\"async\" width=\"768\" height=\"522\" src=\"https:\/\/portoghese.uniroma3.it\/clplanciani\/wp-content\/uploads\/sites\/4\/2023\/05\/Schermata-2023-05-20-alle-16.33.15-768x522.png\" alt=\"\" loading=\"lazy\" \/>\t\t\t\t\t\t\t\t\t\t\t\t\t\t\t<\/p>\n<h3>J\u00e1 te disse que te amo?<\/h3>\n<h4>Ciomara Morais | Portogallo | 2022 | 19\u2019 | Fiction<\/h4>\n<p>Con Carlos Paca, \u00c2ngelo Torres, Ciomara Morais, Mauro Herm\u00ednio, Maura Faial). Una coppia vive attimi del loro amore in un appartamento di Lisbona. Si tratta di un amore pieno di segreti quello che unisce Sara, proprietaria e CEO di una rivista di life style, e Andr\u00e9, CEO di una grande azienda con sede a Zurigo. Il loro amore \u00e8 forte, come i loro segreti e le loro contraddizioni.<\/p>\n<p>\t\t\t\t\t\t\t\t\t\t\t\t\t\t\t<img decoding=\"async\" width=\"768\" height=\"522\" src=\"https:\/\/portoghese.uniroma3.it\/clplanciani\/wp-content\/uploads\/sites\/4\/2023\/05\/Schermata-2023-05-20-alle-16.40.20-768x522.png\" alt=\"\" loading=\"lazy\" \/>\t\t\t\t\t\t\t\t\t\t\t\t\t\t\t<\/p>\n<h3>O antiqu\u00e1rio<\/h3>\n<h4>Manoel Matos Barbosa | Portogallo | 2022 | 8\u2019 | Film di animazione<\/h4>\n<p>Vicente \u00e8 un antiquario, un vecchio avaro di poche parole, una specie di talpa cacciatrice di tesori che si aggira tra le rovine delle cose. Nella sua collezione, l\u2019assenza della pisside della misericordia, che tanto brama, lo porta alla malattia e a una sorta di follia. Il giorno della festa del paese, Vicente riceve la visita del sacerdote e, scambiandolo per il gran priore, pensa che quest\u2019ultimo tenga in mano la meravigliosa pisside.<\/p>\n<p>\t\t\t\t\t\t\t\t\t\t\t\t\t\t\t<img decoding=\"async\" width=\"729\" height=\"663\" src=\"https:\/\/portoghese.uniroma3.it\/clplanciani\/wp-content\/uploads\/sites\/4\/2023\/05\/Schermata-2023-05-20-alle-16.44.52.png\" alt=\"\" loading=\"lazy\" \/>\t\t\t\t\t\t\t\t\t\t\t\t\t\t\t<\/p>\n<h3>Sobre elas<\/h3>\n<h4>Bruna Arcangelo | Brasile | 2022 | 14\u20197\u201d | Docu-fiction<\/h4>\n<p>Tre donne con potenti storie di vita raccontano come hanno trasformato le loro vite attraverso lo skateboard, il surf e il jiu-jitsu. \u00c8 un invito a immergersi nelle alleanze femminili, mentre vengono ritratti i movimenti di sostegno reciproco a cui partecipano donne diverse, mentre si rafforzano i legami e le reti di sostegno e si dimostra che la liberazione femminile non pu\u00f2 essere individuale, ma deve essere collettiva.<\/p>\n<p>\t\t\t\t\t\t\t\t\t\t\t\t\t\t\t<img decoding=\"async\" width=\"768\" height=\"552\" src=\"https:\/\/portoghese.uniroma3.it\/clplanciani\/wp-content\/uploads\/sites\/4\/2023\/05\/Schermata-2023-05-20-alle-16.55.09-768x552.png\" alt=\"\" loading=\"lazy\" \/>\t\t\t\t\t\t\t\t\t\t\t\t\t\t\t<\/p>\n<h3>Sumara Mar\u00e9<\/h3>\n<h4>Samira Vera-Cruz | Capo Verde | 2023 | 8\u2019 | Docu-fiction<\/h4>\n<p>Si txuba ka bem, morri di fomi, si txuba bem, morri fogadu\u201d (se non piove moriremo di fame, se piover\u00e0 annegheremo).<\/p>\n<p>A Capo Verde piove raramente e le popolazioni dell\u2019arcipelago continuano a prelevare illegalmente la sabbia dalle spiagge come unica fonte di reddito. Sumara Mar\u00e9 racconta questa distruzione ambientale attraverso la performance di danza di madre e figlia, Betty e Ondiana, e le voci delle donne che raccolgono la sabbia per vivere.<\/p>\n<p>\t\t\t\t\t\t\t\t\t\t\t\t\t\t\t<img decoding=\"async\" width=\"768\" height=\"526\" src=\"https:\/\/portoghese.uniroma3.it\/clplanciani\/wp-content\/uploads\/sites\/4\/2023\/05\/Schermata-2023-05-20-alle-17.02.02-768x526.png\" alt=\"\" loading=\"lazy\" \/>\t\t\t\t\t\t\t\t\t\t\t\t\t\t\t<\/p>\n<h3>Vanda<\/h3>\n<h4>Theo Dor\u00e9 | Brasile | 2021 | 15\u2019 53\u201d | Fiction<\/h4>\n<p>Con Margareth Rodrigues, Ramoile Barreiros. Fiction. Un giovane ragazzo bussa alla porta di un\u2019anziana signora, portandosi dietro il corpo di un giovane che ha appena assassinato. Bussa alla porta per cercare di capire il motivo del suo gesto.<\/p>\n<h2>Cortometraggio fuori concorso<\/h2>\n<p>\t\t\t\t\t\t\t\t\t\t\t\t\t\t\t<img decoding=\"async\" width=\"768\" height=\"542\" src=\"https:\/\/portoghese.uniroma3.it\/clplanciani\/wp-content\/uploads\/sites\/4\/2023\/05\/Schermata-2023-05-20-alle-17.08.36-768x542.png\" alt=\"\" loading=\"lazy\" \/>\t\t\t\t\t\t\t\t\t\t\t\t\t\t\t<\/p>\n<h3>Johnny White<\/h3>\n<h4>Gon\u00e7alo Santos | Portogallo | 2021 | 15\u2032 | Fiction<\/h4>\n<p>Presentazione del corto del regista Gon\u00e7alo Santos, vincitore del Festival Lusomovies 2022 col cortometraggio \u201cRuptura\u201d.<\/p>\n<p>Johnny White, stella nascente di YouTube, carica un video che diventa virale per i motivi sbagliati. Perso in un limbo di conseguenze, Johnny cerca di riconquistare la fiducia della dolce e simpatica Lary, cercando di dimostrarle che non \u00e8 il razzista che tutti pensano che sia.<\/p>\n<p><strong>Direzione:<\/strong> Gian Luigi De Rosa e Regina Nadaes Marques<\/p>\n<p><strong>Sottotitoli:<\/strong> Gian Luigi De Rosa, Martina Desantis, Alessia Fiorentino, Chiara Pocecco, Angelica Ercolino, Chiara Aiello, Giulia Trimarchi e UniRomaTre Summer School of Audiovisual Translation (Supervisione: Gian Luigi De Rosa).<\/p>\n<p>\t\t\t\t\t\t\t\t\t\t\t\t\t\t\t<img decoding=\"async\" width=\"1024\" height=\"455\" src=\"https:\/\/portoghese.uniroma3.it\/clplanciani\/wp-content\/uploads\/sites\/4\/2023\/05\/lusomovies2023-web_logos2-1024x455.jpg\" alt=\"\" loading=\"lazy\" \/><\/p>\n","protected":false},"excerpt":{"rendered":"<p>\/*! elementor &#8211; v3.14.0 &#8211; 18-06-2023 *\/ .elementor-widget-image{text-align:center}.elementor-widget-image a{display:inline-block}.elementor-widget-image a img[src$=&#8221;.svg&#8221;]{width:48px}.elementor-widget-image img{vertical-align:middle;display:inline-block} \/*! elementor &#8211; v3.14.0 &#8211; 18-06-2023 *\/ .elementor-heading-title{padding:0;margin:0;line-height:1}.elementor-widget-heading .elementor-heading-title[class*=elementor-size-]&gt;a{color:inherit;font-size:inherit;line-height:inherit}.elementor-widget-heading .elementor-heading-title.elementor-size-small{font-size:15px}.elementor-widget-heading .elementor-heading-title.elementor-size-medium{font-size:19px}.elementor-widget-heading .elementor-heading-title.elementor-size-large{font-size:29px}.elementor-widget-heading .elementor-heading-title.elementor-size-xl{font-size:39px}.elementor-widget-heading .elementor-heading-title.elementor-size-xxl{font-size:59px} Programma \u2013 III edizione Roma, 30 maggio 2023, ore 18 Auditorium \u201cGlauber Rocha\u201d \u2013 Instituto Guimar\u00e3es Rosa Piazza Navona, 18 \u2013 Roma Ingresso libero Lusomovies nasce nel 2021 con&nbsp;&#8230;<\/p>\n","protected":false},"author":4,"featured_media":0,"parent":889,"menu_order":0,"comment_status":"closed","ping_status":"closed","template":"page-fullwidth.php","meta":{"footnotes":""},"class_list":["post-1719","page","type-page","status-publish","hentry"],"_links":{"self":[{"href":"https:\/\/portoghese.uniroma3.it\/clplanciani\/wp-json\/wp\/v2\/pages\/1719","targetHints":{"allow":["GET"]}}],"collection":[{"href":"https:\/\/portoghese.uniroma3.it\/clplanciani\/wp-json\/wp\/v2\/pages"}],"about":[{"href":"https:\/\/portoghese.uniroma3.it\/clplanciani\/wp-json\/wp\/v2\/types\/page"}],"author":[{"embeddable":true,"href":"https:\/\/portoghese.uniroma3.it\/clplanciani\/wp-json\/wp\/v2\/users\/4"}],"replies":[{"embeddable":true,"href":"https:\/\/portoghese.uniroma3.it\/clplanciani\/wp-json\/wp\/v2\/comments?post=1719"}],"version-history":[{"count":74,"href":"https:\/\/portoghese.uniroma3.it\/clplanciani\/wp-json\/wp\/v2\/pages\/1719\/revisions"}],"predecessor-version":[{"id":2089,"href":"https:\/\/portoghese.uniroma3.it\/clplanciani\/wp-json\/wp\/v2\/pages\/1719\/revisions\/2089"}],"up":[{"embeddable":true,"href":"https:\/\/portoghese.uniroma3.it\/clplanciani\/wp-json\/wp\/v2\/pages\/889"}],"wp:attachment":[{"href":"https:\/\/portoghese.uniroma3.it\/clplanciani\/wp-json\/wp\/v2\/media?parent=1719"}],"curies":[{"name":"wp","href":"https:\/\/api.w.org\/{rel}","templated":true}]}}