{"id":2030,"date":"2024-11-27T10:49:12","date_gmt":"2024-11-27T09:49:12","guid":{"rendered":"https:\/\/portoghese.uniroma3.it\/clplanciani\/?page_id=2030"},"modified":"2024-12-13T00:18:01","modified_gmt":"2024-12-12T23:18:01","slug":"programma","status":"publish","type":"page","link":"https:\/\/portoghese.uniroma3.it\/clplanciani\/lusomovies\/lusomovies-2024\/programma\/","title":{"rendered":"Lusomovies 2024 \u2013 Programma"},"content":{"rendered":"<div class=\"wp-block-image\">\n<figure class=\"aligncenter size-large\"><img loading=\"lazy\" decoding=\"async\" width=\"724\" height=\"1024\" src=\"https:\/\/portoghese.uniroma3.it\/clplanciani\/wp-content\/uploads\/sites\/4\/2024\/11\/Imagem-do-WhatsApp-de-2024-11-21-as-15.25.37_c5a30c85-724x1024.jpg\" alt=\"\" class=\"wp-image-2041\" srcset=\"https:\/\/portoghese.uniroma3.it\/clplanciani\/wp-content\/uploads\/sites\/4\/2024\/11\/Imagem-do-WhatsApp-de-2024-11-21-as-15.25.37_c5a30c85-724x1024.jpg 724w, https:\/\/portoghese.uniroma3.it\/clplanciani\/wp-content\/uploads\/sites\/4\/2024\/11\/Imagem-do-WhatsApp-de-2024-11-21-as-15.25.37_c5a30c85-212x300.jpg 212w, https:\/\/portoghese.uniroma3.it\/clplanciani\/wp-content\/uploads\/sites\/4\/2024\/11\/Imagem-do-WhatsApp-de-2024-11-21-as-15.25.37_c5a30c85-768x1086.jpg 768w, https:\/\/portoghese.uniroma3.it\/clplanciani\/wp-content\/uploads\/sites\/4\/2024\/11\/Imagem-do-WhatsApp-de-2024-11-21-as-15.25.37_c5a30c85-1086x1536.jpg 1086w, https:\/\/portoghese.uniroma3.it\/clplanciani\/wp-content\/uploads\/sites\/4\/2024\/11\/Imagem-do-WhatsApp-de-2024-11-21-as-15.25.37_c5a30c85.jpg 1131w\" sizes=\"auto, (max-width: 724px) 100vw, 724px\" \/><\/figure>\n<\/div>\n\n\n<h2 class=\"wp-block-heading has-text-align-center has-large-font-size\" id=\"it\">Programma in italiano<\/h2>\n\n\n\n<details class=\"wp-block-details has-very-light-gray-to-cyan-bluish-gray-gradient-background has-background has-medium-font-size is-layout-flow wp-block-details-is-layout-flow\"><summary>\u27a4 APRI<\/summary>\n<h3 class=\"wp-block-heading has-text-align-center\"><strong>Festival di cortometraggi in lingua portoghese<\/strong> \u2013 <strong>IV Edizione<\/strong><br>Direzione: Gian Luigi De Rosa e Cintia Dornelas<\/h3>\n\n\n\n<p class=\"has-background\" style=\"background-color:#abb7c282\">9 DICEMBRE 2024 \u2013 Orario: 15.00<br>Cinema Farnese &#8211; Piazza Campo de\u2019 Fiori, 56 ROMA<br>Ingresso gratuito &#8211; Posti limitati<br>Prenota il tuo biglietto:&nbsp;<a href=\"mailto:gianluigi.derosa@uniroma3.it\">gianluigi.derosa@uniroma3.it<\/a><\/p>\n\n\n\n<p>Lusomovies \u00e8 un festival di cortometraggi in lingua portoghese. <br>Il vincitore sar\u00e0 stabilito da una giuria popolare.<br>I cortometraggi sono stati selezionati da una equipe composta dai membri dell\u2019Associazione Vagaluna e dal Centro di Lingua Portoghese \u201cGiulia Lanciani\u201d Cam\u00f5es-UniRomaTre diretti da Gian Luigi De Rosa e Cintia Dorneles.<br>Il festival \u00e8 supportato dall\u2019Ambasciata del Portogallo, dall\u2019Ambasciata dell\u2019Angola, dalla UniRomaTre Summer School of Audiovisual Translation (USSAT) e dal Dipartimento di Lingue, Letterature e Culture Straniere dell\u2019Universit\u00e0 Roma Tre.<\/p>\n\n\n\n<p>Sottotitoli realizzati da: Vittoria Aurighi, Elena Bartolomei, Aurora Codispoti, Gian Luigi De Rosa, Angelica Ercolino, Rossella Martucci, Nicoletta Mosca, Lisa Olivotti, Aurora Valle.<\/p>\n\n\n\n<p>Supervisione traduzione sottotitoli: Gian Luigi De Rosa<\/p>\n\n\n\n<p>L\u2019obiettivo del Festival \u00e8 promuovere il cinema in lingua portoghese, ancora poco conosciuto dal pubblico italiano, offrendo una rappresentazione significativa della sua recente produzione e contribuendo alla sua diffusione.<\/p>\n\n\n\n<figure class=\"wp-block-pullquote has-medium-font-size\"><blockquote><p><strong>PROGRAMMA<\/strong><\/p><cite>Cortometraggi in concorso&nbsp;<em>(elenco in ordine alfabetico)<\/em><\/cite><\/blockquote><\/figure>\n\n\n\n<div class=\"wp-block-group\"><div class=\"wp-block-group__inner-container is-layout-constrained wp-block-group-is-layout-constrained\">\n<p class=\"has-medium-font-size\"><strong>A sombra da terra&nbsp;<em>(Marcelo Domingues, Brasile 2023, 20\u2019)<\/em><\/strong><br>sottotitoli italiani a cura di Nicoletta Mosca<\/p>\n\n\n\n<div class=\"wp-block-group\"><div class=\"wp-block-group__inner-container is-layout-constrained wp-block-group-is-layout-constrained\">\n<figure class=\"wp-block-image size-large\"><img loading=\"lazy\" decoding=\"async\" width=\"1024\" height=\"576\" src=\"https:\/\/portoghese.uniroma3.it\/clplanciani\/wp-content\/uploads\/sites\/4\/2024\/11\/Imagem-do-WhatsApp-de-2024-11-26-as-23.49.35_9a087848-1024x576.jpg\" alt=\"\" class=\"wp-image-2032\" srcset=\"https:\/\/portoghese.uniroma3.it\/clplanciani\/wp-content\/uploads\/sites\/4\/2024\/11\/Imagem-do-WhatsApp-de-2024-11-26-as-23.49.35_9a087848-1024x576.jpg 1024w, https:\/\/portoghese.uniroma3.it\/clplanciani\/wp-content\/uploads\/sites\/4\/2024\/11\/Imagem-do-WhatsApp-de-2024-11-26-as-23.49.35_9a087848-300x169.jpg 300w, https:\/\/portoghese.uniroma3.it\/clplanciani\/wp-content\/uploads\/sites\/4\/2024\/11\/Imagem-do-WhatsApp-de-2024-11-26-as-23.49.35_9a087848-768x432.jpg 768w, https:\/\/portoghese.uniroma3.it\/clplanciani\/wp-content\/uploads\/sites\/4\/2024\/11\/Imagem-do-WhatsApp-de-2024-11-26-as-23.49.35_9a087848-1536x864.jpg 1536w, https:\/\/portoghese.uniroma3.it\/clplanciani\/wp-content\/uploads\/sites\/4\/2024\/11\/Imagem-do-WhatsApp-de-2024-11-26-as-23.49.35_9a087848.jpg 1600w\" sizes=\"auto, (max-width: 1024px) 100vw, 1024px\" \/><\/figure>\n\n\n\n<p>In una notte tempestosa, una pianista solitaria (Andr\u00e9ia Nhur) d\u00e0 rifugio a un misterioso viandante (Paulo Betti), convinto di portare con s\u00e9 una sorta di maledizione legata alla luna e alle tragedie dell\u2019umanit\u00e0.<\/p>\n<\/div><\/div>\n<\/div><\/div>\n\n\n\n<hr class=\"wp-block-separator has-alpha-channel-opacity\" \/>\n\n\n\n<p class=\"has-medium-font-size\"><strong>As Marias&nbsp;<em>(Dannon Lacerda, Brasile 2023, 16\u201942)<\/em><\/strong><br>sottotitoli italiani a cura di Vittoria Aurighi<\/p>\n\n\n<div class=\"wp-block-image\">\n<figure class=\"aligncenter size-full\"><img loading=\"lazy\" decoding=\"async\" width=\"529\" height=\"800\" src=\"https:\/\/portoghese.uniroma3.it\/clplanciani\/wp-content\/uploads\/sites\/4\/2024\/11\/Imagem-do-WhatsApp-de-2024-11-26-as-23.46.08_edbb9605.jpg\" alt=\"\" class=\"wp-image-2033\" srcset=\"https:\/\/portoghese.uniroma3.it\/clplanciani\/wp-content\/uploads\/sites\/4\/2024\/11\/Imagem-do-WhatsApp-de-2024-11-26-as-23.46.08_edbb9605.jpg 529w, https:\/\/portoghese.uniroma3.it\/clplanciani\/wp-content\/uploads\/sites\/4\/2024\/11\/Imagem-do-WhatsApp-de-2024-11-26-as-23.46.08_edbb9605-198x300.jpg 198w\" sizes=\"auto, (max-width: 529px) 100vw, 529px\" \/><\/figure>\n<\/div>\n\n\n<p>Tre gemelle rompono la barriera del silenzio e dell\u2019invisibilit\u00e0, raccontando momenti emozionanti delle loro vite nella piccola citt\u00e0 di Guia Lopes da Laguna (MS), vicino al confine con il Paraguay, dove sono cresciute seguendo le regole imposte da genitori, chiesa e mariti.<\/p>\n\n\n\n<hr class=\"wp-block-separator has-alpha-channel-opacity\" \/>\n\n\n\n<p class=\"has-medium-font-size\"><strong>Big Bang&nbsp;<em>(Carlos Segundo, Brasile 2022, 13\u201959)<\/em><\/strong><br>sottotitoli italiani a cura di Angelica Ercolino<\/p>\n\n\n\n<figure class=\"wp-block-image size-large\"><img loading=\"lazy\" decoding=\"async\" width=\"1024\" height=\"576\" src=\"https:\/\/portoghese.uniroma3.it\/clplanciani\/wp-content\/uploads\/sites\/4\/2024\/11\/Imagem-do-WhatsApp-de-2024-11-26-as-23.51.29_72bf7641-1024x576.jpg\" alt=\"\" class=\"wp-image-2034\" srcset=\"https:\/\/portoghese.uniroma3.it\/clplanciani\/wp-content\/uploads\/sites\/4\/2024\/11\/Imagem-do-WhatsApp-de-2024-11-26-as-23.51.29_72bf7641-1024x576.jpg 1024w, https:\/\/portoghese.uniroma3.it\/clplanciani\/wp-content\/uploads\/sites\/4\/2024\/11\/Imagem-do-WhatsApp-de-2024-11-26-as-23.51.29_72bf7641-300x169.jpg 300w, https:\/\/portoghese.uniroma3.it\/clplanciani\/wp-content\/uploads\/sites\/4\/2024\/11\/Imagem-do-WhatsApp-de-2024-11-26-as-23.51.29_72bf7641-768x432.jpg 768w, https:\/\/portoghese.uniroma3.it\/clplanciani\/wp-content\/uploads\/sites\/4\/2024\/11\/Imagem-do-WhatsApp-de-2024-11-26-as-23.51.29_72bf7641-1536x864.jpg 1536w, https:\/\/portoghese.uniroma3.it\/clplanciani\/wp-content\/uploads\/sites\/4\/2024\/11\/Imagem-do-WhatsApp-de-2024-11-26-as-23.51.29_72bf7641.jpg 1600w\" sizes=\"auto, (max-width: 1024px) 100vw, 1024px\" \/><\/figure>\n\n\n\n<p>A Uberl\u00e2ndia, in Brasile, Chico si guadagna da vivere riparando forni, nei quali entra facilmente grazie alla sua bassa statura. Davanti al disprezzo di un sistema che lo relega ai margini, inizia lentamente a resistere.<\/p>\n\n\n\n<hr class=\"wp-block-separator has-alpha-channel-opacity\" \/>\n\n\n\n<p class=\"has-medium-font-size\"><strong>Deputado Apocal\u00edptico&nbsp;<em>(Ariel Casimiro, Angola 2022, 14\u201923)<\/em><\/strong><br>sottotitoli italiani a cura di Lisa Olivotti<\/p>\n\n\n\n<figure class=\"wp-block-image size-large\"><img loading=\"lazy\" decoding=\"async\" width=\"1024\" height=\"613\" src=\"https:\/\/portoghese.uniroma3.it\/clplanciani\/wp-content\/uploads\/sites\/4\/2024\/11\/Imagem-do-WhatsApp-de-2024-11-26-as-23.53.39_5164bf14-1024x613.jpg\" alt=\"\" class=\"wp-image-2035\" srcset=\"https:\/\/portoghese.uniroma3.it\/clplanciani\/wp-content\/uploads\/sites\/4\/2024\/11\/Imagem-do-WhatsApp-de-2024-11-26-as-23.53.39_5164bf14-1024x613.jpg 1024w, https:\/\/portoghese.uniroma3.it\/clplanciani\/wp-content\/uploads\/sites\/4\/2024\/11\/Imagem-do-WhatsApp-de-2024-11-26-as-23.53.39_5164bf14-300x180.jpg 300w, https:\/\/portoghese.uniroma3.it\/clplanciani\/wp-content\/uploads\/sites\/4\/2024\/11\/Imagem-do-WhatsApp-de-2024-11-26-as-23.53.39_5164bf14-768x460.jpg 768w, https:\/\/portoghese.uniroma3.it\/clplanciani\/wp-content\/uploads\/sites\/4\/2024\/11\/Imagem-do-WhatsApp-de-2024-11-26-as-23.53.39_5164bf14-1536x920.jpg 1536w, https:\/\/portoghese.uniroma3.it\/clplanciani\/wp-content\/uploads\/sites\/4\/2024\/11\/Imagem-do-WhatsApp-de-2024-11-26-as-23.53.39_5164bf14.jpg 1600w\" sizes=\"auto, (max-width: 1024px) 100vw, 1024px\" \/><\/figure>\n\n\n\n<p>Luanda, 2025. Dopo una rivolta popolare, un uomo fugge dalla furia della popolazione. Elegante e formale, il deputato Apocal\u00edptico Dend\u00e9 trova rifugio in un edificio vuoto. Nei 14 minuti della durata del corto, ascoltiamo i suoi sfoghi, le sue tristezze e i suoi sogni, fino a quando&#8230;<\/p>\n\n\n\n<hr class=\"wp-block-separator has-alpha-channel-opacity\" \/>\n\n\n\n<p class=\"has-medium-font-size\"><strong>Desgosto de morrer no inverno&nbsp;<em>(Gon\u00e7alo Viana, Portogallo 2023, 19\u201902)<\/em><\/strong><br>sottotitoli italiani a cura di Elena Bartolomei<\/p>\n\n\n<div class=\"wp-block-image\">\n<figure class=\"aligncenter size-full\"><img loading=\"lazy\" decoding=\"async\" width=\"566\" height=\"800\" src=\"https:\/\/portoghese.uniroma3.it\/clplanciani\/wp-content\/uploads\/sites\/4\/2024\/11\/Imagem-do-WhatsApp-de-2024-11-26-as-23.47.14_8bb7442d.jpg\" alt=\"\" class=\"wp-image-2039\" srcset=\"https:\/\/portoghese.uniroma3.it\/clplanciani\/wp-content\/uploads\/sites\/4\/2024\/11\/Imagem-do-WhatsApp-de-2024-11-26-as-23.47.14_8bb7442d.jpg 566w, https:\/\/portoghese.uniroma3.it\/clplanciani\/wp-content\/uploads\/sites\/4\/2024\/11\/Imagem-do-WhatsApp-de-2024-11-26-as-23.47.14_8bb7442d-212x300.jpg 212w\" sizes=\"auto, (max-width: 566px) 100vw, 566px\" \/><\/figure>\n<\/div>\n\n\n<p>Dopo la morte della moglie, il vecchio Domingos non accetta che il corpo di Carmen non venga sepolto nella cappella di famiglia nel cimitero di Monchique. Come ultimo omaggio, fa di tutto per&nbsp;offrirle&nbsp;una sepoltura dignitosa, ignorando per\u00f2 i desideri della famiglia. L&#8217;uomo non riesce ad accettare la perdita della sua unica compagna di vita. <br>Una storia che intreccia tradizioni culturali e cambiamenti.<\/p>\n\n\n\n<hr class=\"wp-block-separator has-alpha-channel-opacity\" \/>\n\n\n\n<p class=\"has-medium-font-size\"><strong>Dona Irene&nbsp;<em>(Gustavo Campos, Brasile 2024, 17\u201930)<\/em><\/strong><br>sottotitoli italiani a cura di Rossella Martucci<\/p>\n\n\n<div class=\"wp-block-image\">\n<figure class=\"aligncenter size-full\"><img loading=\"lazy\" decoding=\"async\" width=\"618\" height=\"800\" src=\"https:\/\/portoghese.uniroma3.it\/clplanciani\/wp-content\/uploads\/sites\/4\/2024\/11\/Imagem-do-WhatsApp-de-2024-11-26-as-23.47.50_67f2c0ef.jpg\" alt=\"\" class=\"wp-image-2038\" srcset=\"https:\/\/portoghese.uniroma3.it\/clplanciani\/wp-content\/uploads\/sites\/4\/2024\/11\/Imagem-do-WhatsApp-de-2024-11-26-as-23.47.50_67f2c0ef.jpg 618w, https:\/\/portoghese.uniroma3.it\/clplanciani\/wp-content\/uploads\/sites\/4\/2024\/11\/Imagem-do-WhatsApp-de-2024-11-26-as-23.47.50_67f2c0ef-232x300.jpg 232w\" sizes=\"auto, (max-width: 618px) 100vw, 618px\" \/><\/figure>\n<\/div>\n\n\n<p>Dopo una caduta, Dona Irene non riesce pi\u00f9 a uscire da sola. Il film narra le vicissitudini di una donna che cerca di non rimanere prigioniera delle mura della propria casa.<\/p>\n\n\n\n<hr class=\"wp-block-separator has-alpha-channel-opacity\" \/>\n\n\n\n<p class=\"has-medium-font-size\"><strong>Firmina&nbsp;<em>(iZAH NEIVA, Brasile 2023, 15\u2019)<\/em><\/strong><br>sottotitoli italiani a cura di Gian Luigi De Rosa<\/p>\n\n\n\n<figure class=\"wp-block-image size-large\"><img loading=\"lazy\" decoding=\"async\" width=\"1024\" height=\"537\" src=\"https:\/\/portoghese.uniroma3.it\/clplanciani\/wp-content\/uploads\/sites\/4\/2024\/11\/Imagem-do-WhatsApp-de-2024-11-26-as-23.48.39_ab33f9f6-1024x537.jpg\" alt=\"\" class=\"wp-image-2037\" srcset=\"https:\/\/portoghese.uniroma3.it\/clplanciani\/wp-content\/uploads\/sites\/4\/2024\/11\/Imagem-do-WhatsApp-de-2024-11-26-as-23.48.39_ab33f9f6-1024x537.jpg 1024w, https:\/\/portoghese.uniroma3.it\/clplanciani\/wp-content\/uploads\/sites\/4\/2024\/11\/Imagem-do-WhatsApp-de-2024-11-26-as-23.48.39_ab33f9f6-300x157.jpg 300w, https:\/\/portoghese.uniroma3.it\/clplanciani\/wp-content\/uploads\/sites\/4\/2024\/11\/Imagem-do-WhatsApp-de-2024-11-26-as-23.48.39_ab33f9f6-768x402.jpg 768w, https:\/\/portoghese.uniroma3.it\/clplanciani\/wp-content\/uploads\/sites\/4\/2024\/11\/Imagem-do-WhatsApp-de-2024-11-26-as-23.48.39_ab33f9f6.jpg 1080w\" sizes=\"auto, (max-width: 1024px) 100vw, 1024px\" \/><\/figure>\n\n\n\n<p>Una pittrice, appena trasferita nel suo nuovo appartamento, \u00e8 testimone di una violenza domestica. Sentendo le urla della vicina, rivive il proprio passato di violenza domestica e si resistenza. Una corsa contro il tempo per salvare una vita.<\/p>\n\n\n\n<hr class=\"wp-block-separator has-alpha-channel-opacity\" \/>\n\n\n\n<p class=\"has-medium-font-size\"><strong>Os Segredos da Aldeia&nbsp;<em>(Paulo Idalecio da Silva Jo\u00e3o, Angola 2021, 19\u201937)<\/em><\/strong><br>sottotitoli italiani a cura di Aurora Valle<\/p>\n\n\n\n<figure class=\"wp-block-image size-large\"><img loading=\"lazy\" decoding=\"async\" width=\"1024\" height=\"540\" src=\"https:\/\/portoghese.uniroma3.it\/clplanciani\/wp-content\/uploads\/sites\/4\/2024\/11\/Imagem-do-WhatsApp-de-2024-11-26-as-23.45.28_f96dae87-1024x540.jpg\" alt=\"\" class=\"wp-image-2040\" srcset=\"https:\/\/portoghese.uniroma3.it\/clplanciani\/wp-content\/uploads\/sites\/4\/2024\/11\/Imagem-do-WhatsApp-de-2024-11-26-as-23.45.28_f96dae87-1024x540.jpg 1024w, https:\/\/portoghese.uniroma3.it\/clplanciani\/wp-content\/uploads\/sites\/4\/2024\/11\/Imagem-do-WhatsApp-de-2024-11-26-as-23.45.28_f96dae87-300x158.jpg 300w, https:\/\/portoghese.uniroma3.it\/clplanciani\/wp-content\/uploads\/sites\/4\/2024\/11\/Imagem-do-WhatsApp-de-2024-11-26-as-23.45.28_f96dae87-768x405.jpg 768w, https:\/\/portoghese.uniroma3.it\/clplanciani\/wp-content\/uploads\/sites\/4\/2024\/11\/Imagem-do-WhatsApp-de-2024-11-26-as-23.45.28_f96dae87-1536x810.jpg 1536w, https:\/\/portoghese.uniroma3.it\/clplanciani\/wp-content\/uploads\/sites\/4\/2024\/11\/Imagem-do-WhatsApp-de-2024-11-26-as-23.45.28_f96dae87.jpg 1600w\" sizes=\"auto, (max-width: 1024px) 100vw, 1024px\" \/><\/figure>\n\n\n\n<p>Nuria, Junior e Oliveira arrivano a Kissama, dove iniziano a verificarsi eventi strani. All&#8217;improvviso, sia Nuria che l\u2019auto scompaiono misteriosamente. Tra misteri, tensioni e tradizioni locali il corto narra un&#8217;interessante spaccato della cultura angolana.<\/p>\n\n\n\n<hr class=\"wp-block-separator has-alpha-channel-opacity\" \/>\n\n\n\n<p class=\"has-medium-font-size\"><strong>Terminal&nbsp;<em>(Getsemane Silva; Guilherme Bacalhao, Brasile 2024, 15\u2019)<\/em><\/strong><br>sottotitoli italiani a cura di Aurora Codispoti<\/p>\n\n\n<div class=\"wp-block-image\">\n<figure class=\"aligncenter size-full\"><img loading=\"lazy\" decoding=\"async\" width=\"565\" height=\"800\" src=\"https:\/\/portoghese.uniroma3.it\/clplanciani\/wp-content\/uploads\/sites\/4\/2024\/11\/Imagem-do-WhatsApp-de-2024-11-26-as-23.50.42_eb41935b.jpg\" alt=\"\" class=\"wp-image-2036\" srcset=\"https:\/\/portoghese.uniroma3.it\/clplanciani\/wp-content\/uploads\/sites\/4\/2024\/11\/Imagem-do-WhatsApp-de-2024-11-26-as-23.50.42_eb41935b.jpg 565w, https:\/\/portoghese.uniroma3.it\/clplanciani\/wp-content\/uploads\/sites\/4\/2024\/11\/Imagem-do-WhatsApp-de-2024-11-26-as-23.50.42_eb41935b-212x300.jpg 212w\" sizes=\"auto, (max-width: 565px) 100vw, 565px\" \/><\/figure>\n<\/div>\n\n\n<p>La malattia terminale e l&#8217;autodeterminazione del fine vita sono il nucleo narrativo di Terminal. Un padre e un figlio che non sa decidere; un ultimo desiderio di un padre e i tormenti di un figlio combattuto tra obbedienza e rimorso per quel che accadr\u00e0.<\/p>\n<\/details>\n\n\n\n<hr class=\"wp-block-separator has-text-color has-black-color has-alpha-channel-opacity has-black-background-color has-background is-style-wide\" \/>\n\n\n\n<h2 class=\"wp-block-heading has-text-align-center has-large-font-size\" id=\"pt\">Programa em portugu\u00eas<\/h2>\n\n\n\n<details class=\"wp-block-details has-very-light-gray-to-cyan-bluish-gray-gradient-background has-background has-medium-font-size is-layout-flow wp-block-details-is-layout-flow\"><summary>\u27a4 ABRIR<\/summary>\n<p><strong>Festival de curtas metragens em l\u00edngua portuguesa<\/strong> \u2013 <strong>IV Edi\u00e7\u00e3o<\/strong><br>Dire\u00e7\u00e3o: Gian Luigi De Rosa e Cintia Dornelas<\/p>\n\n\n\n<p class=\"has-background\" style=\"background-color:#abb7c282\">9 DEZEMBRO 2024 \u2013 Hor\u00e1rio: 15.00<br>Cinema Farnese &#8211; Piazza Campo de\u2019 Fiori, 56 ROMA<br>Ingresso gratuito &#8211; Lugares limitados<br>Reserve o seu ingresso:&nbsp;<a href=\"mailto:gianluigi.derosa@uniroma3.it\">gianluigi.derosa@uniroma3.it<\/a><\/p>\n\n\n\n<p>Lusomovies \u00e9 um festival de curta-metragens em l\u00edngua portuguesa, com premia\u00e7\u00e3o do p\u00fablico.<br>Os curta-metragens foram selecionados por uma equipe formada por membros da Associa\u00e7\u00e3o Vagaluna e do Centro de L\u00edngua Portuguesa \u201cGiulia Lanciani\u201d Cam\u00f5es-UniRomaTre e dirigida por Gian Luigi De Rosa e Cintia Dorneles<\/p>\n\n\n\n<p>O festival conta com o apoio da Embaixada de Portugal, da Embaixada de Angola, da UniRomaTre Summer School of Audiovisual Translation (USSAT) e do Departamento de L\u00ednguas, Literaturas e Culturas Estrangeiras da Universidade Roma Tre.<\/p>\n\n\n\n<p>O objetivo do Festival \u00e9 a divulga\u00e7\u00e3o do cinema em l\u00edngua portuguesa, ainda pouco conhecido pelo p\u00fablico italiano, apresentando uma parcela representativa da sua recente produ\u00e7\u00e3o e contribuindo para a sua difus\u00e3o.<\/p>\n\n\n\n<figure class=\"wp-block-pullquote has-medium-font-size\"><blockquote><p><strong>PROGRAMMA<\/strong><\/p><cite>curta-metragens em concurso&nbsp;(elenco filmes em ordem alfab\u00e9tica)<\/cite><\/blockquote><\/figure>\n\n\n\n<p class=\"has-text-align-left has-medium-font-size\"><strong>A sombra da terra (Marcelo Domingues, Brasil 2023, 20\u2019)<\/strong><\/p>\n\n\n\n<figure class=\"wp-block-image size-large\"><img loading=\"lazy\" decoding=\"async\" width=\"1024\" height=\"576\" src=\"https:\/\/portoghese.uniroma3.it\/clplanciani\/wp-content\/uploads\/sites\/4\/2024\/11\/Imagem-do-WhatsApp-de-2024-11-26-as-23.49.35_4fdfd804-1024x576.jpg\" alt=\"\" class=\"wp-image-2045\" srcset=\"https:\/\/portoghese.uniroma3.it\/clplanciani\/wp-content\/uploads\/sites\/4\/2024\/11\/Imagem-do-WhatsApp-de-2024-11-26-as-23.49.35_4fdfd804-1024x576.jpg 1024w, https:\/\/portoghese.uniroma3.it\/clplanciani\/wp-content\/uploads\/sites\/4\/2024\/11\/Imagem-do-WhatsApp-de-2024-11-26-as-23.49.35_4fdfd804-300x169.jpg 300w, https:\/\/portoghese.uniroma3.it\/clplanciani\/wp-content\/uploads\/sites\/4\/2024\/11\/Imagem-do-WhatsApp-de-2024-11-26-as-23.49.35_4fdfd804-768x432.jpg 768w, https:\/\/portoghese.uniroma3.it\/clplanciani\/wp-content\/uploads\/sites\/4\/2024\/11\/Imagem-do-WhatsApp-de-2024-11-26-as-23.49.35_4fdfd804-1536x864.jpg 1536w, https:\/\/portoghese.uniroma3.it\/clplanciani\/wp-content\/uploads\/sites\/4\/2024\/11\/Imagem-do-WhatsApp-de-2024-11-26-as-23.49.35_4fdfd804.jpg 1600w\" sizes=\"auto, (max-width: 1024px) 100vw, 1024px\" \/><\/figure>\n\n\n\n<p>Uma noite tempestuosa. Uma solit\u00e1ria pianista (Andr\u00e9ia Nhur) abriga um misterioso andarilho (Paulo Betti), que acredita carregar uma esp\u00e9cie de maldi\u00e7\u00e3o ligada \u00e0 lua e \u00e0s trag\u00e9dias da humanidade.<\/p>\n\n\n\n<hr class=\"wp-block-separator has-alpha-channel-opacity\" \/>\n\n\n\n<p class=\"has-medium-font-size\"><strong>As Marias&nbsp;(Dannon Lacerda, Brasil 2023, 16\u201942)<\/strong><\/p>\n\n\n<div class=\"wp-block-image\">\n<figure class=\"aligncenter size-full\"><img loading=\"lazy\" decoding=\"async\" width=\"529\" height=\"800\" src=\"https:\/\/portoghese.uniroma3.it\/clplanciani\/wp-content\/uploads\/sites\/4\/2024\/11\/Imagem-do-WhatsApp-de-2024-11-26-as-23.46.08_3ee411ab.jpg\" alt=\"\" class=\"wp-image-2049\" srcset=\"https:\/\/portoghese.uniroma3.it\/clplanciani\/wp-content\/uploads\/sites\/4\/2024\/11\/Imagem-do-WhatsApp-de-2024-11-26-as-23.46.08_3ee411ab.jpg 529w, https:\/\/portoghese.uniroma3.it\/clplanciani\/wp-content\/uploads\/sites\/4\/2024\/11\/Imagem-do-WhatsApp-de-2024-11-26-as-23.46.08_3ee411ab-198x300.jpg 198w\" sizes=\"auto, (max-width: 529px) 100vw, 529px\" \/><\/figure>\n<\/div>\n\n\n<p>As trig\u00eameas rompem a barreira do sil\u00eancio e da invisibilidade e narram passagens emocionantes de suas vidas na pequena cidade de Guia Lopes da Laguna (MS), regi\u00e3o pr\u00f3xima \u00e0 fronteira com o Paraguai, onde foram criadas para obedecer aos pais, \u00e0 igreja e aos maridos.<\/p>\n\n\n\n<hr class=\"wp-block-separator has-alpha-channel-opacity\" \/>\n\n\n\n<p class=\"has-medium-font-size\"><strong>Big Bang&nbsp;(Carlos Segundo, Brasil 2022, 13\u201959)<\/strong><\/p>\n\n\n\n<figure class=\"wp-block-image size-large\"><img loading=\"lazy\" decoding=\"async\" width=\"1024\" height=\"576\" src=\"https:\/\/portoghese.uniroma3.it\/clplanciani\/wp-content\/uploads\/sites\/4\/2024\/11\/Imagem-do-WhatsApp-de-2024-11-26-as-23.51.29_ba39b3b4-1024x576.jpg\" alt=\"\" class=\"wp-image-2043\" srcset=\"https:\/\/portoghese.uniroma3.it\/clplanciani\/wp-content\/uploads\/sites\/4\/2024\/11\/Imagem-do-WhatsApp-de-2024-11-26-as-23.51.29_ba39b3b4-1024x576.jpg 1024w, https:\/\/portoghese.uniroma3.it\/clplanciani\/wp-content\/uploads\/sites\/4\/2024\/11\/Imagem-do-WhatsApp-de-2024-11-26-as-23.51.29_ba39b3b4-300x169.jpg 300w, https:\/\/portoghese.uniroma3.it\/clplanciani\/wp-content\/uploads\/sites\/4\/2024\/11\/Imagem-do-WhatsApp-de-2024-11-26-as-23.51.29_ba39b3b4-768x432.jpg 768w, https:\/\/portoghese.uniroma3.it\/clplanciani\/wp-content\/uploads\/sites\/4\/2024\/11\/Imagem-do-WhatsApp-de-2024-11-26-as-23.51.29_ba39b3b4-1536x864.jpg 1536w, https:\/\/portoghese.uniroma3.it\/clplanciani\/wp-content\/uploads\/sites\/4\/2024\/11\/Imagem-do-WhatsApp-de-2024-11-26-as-23.51.29_ba39b3b4.jpg 1600w\" sizes=\"auto, (max-width: 1024px) 100vw, 1024px\" \/><\/figure>\n\n\n\n<p>Em Uberl\u00e2ndia, no Brasil, Chico ganha a vida consertando fornos, nos quais entra com facilidade gra\u00e7as ao seu pequeno tamanho. Diante do desprezo de um sistema que o relega \u00e0s fileiras dos marginalizados, ele gradualmente entra na resist\u00eancia.<\/p>\n\n\n\n<hr class=\"wp-block-separator has-alpha-channel-opacity\" \/>\n\n\n\n<p class=\"has-medium-font-size\"><strong>Deputado Apocal\u00edptico (Ariel Casimiro, Angola 2022, 14\u201923) Luanda, 2025<\/strong><\/p>\n\n\n\n<figure class=\"wp-block-image size-large\"><img loading=\"lazy\" decoding=\"async\" width=\"1024\" height=\"613\" src=\"https:\/\/portoghese.uniroma3.it\/clplanciani\/wp-content\/uploads\/sites\/4\/2024\/11\/Imagem-do-WhatsApp-de-2024-11-26-as-23.53.39_a68945c3-1024x613.jpg\" alt=\"\" class=\"wp-image-2042\" srcset=\"https:\/\/portoghese.uniroma3.it\/clplanciani\/wp-content\/uploads\/sites\/4\/2024\/11\/Imagem-do-WhatsApp-de-2024-11-26-as-23.53.39_a68945c3-1024x613.jpg 1024w, https:\/\/portoghese.uniroma3.it\/clplanciani\/wp-content\/uploads\/sites\/4\/2024\/11\/Imagem-do-WhatsApp-de-2024-11-26-as-23.53.39_a68945c3-300x180.jpg 300w, https:\/\/portoghese.uniroma3.it\/clplanciani\/wp-content\/uploads\/sites\/4\/2024\/11\/Imagem-do-WhatsApp-de-2024-11-26-as-23.53.39_a68945c3-768x460.jpg 768w, https:\/\/portoghese.uniroma3.it\/clplanciani\/wp-content\/uploads\/sites\/4\/2024\/11\/Imagem-do-WhatsApp-de-2024-11-26-as-23.53.39_a68945c3-1536x920.jpg 1536w, https:\/\/portoghese.uniroma3.it\/clplanciani\/wp-content\/uploads\/sites\/4\/2024\/11\/Imagem-do-WhatsApp-de-2024-11-26-as-23.53.39_a68945c3.jpg 1600w\" sizes=\"auto, (max-width: 1024px) 100vw, 1024px\" \/><\/figure>\n\n\n\n<p class=\"has-medium-font-size\">Depois de uma revolta popular, vemos uma pessoa a fugir do que foi deixado pela popula\u00e7\u00e3o. Vestido formalmente, encontramos o deputado Apocal\u00edptico Dend\u00e9. Ele escapa e consegue se esconder em um pr\u00e9dio vazio de v\u00e1rios andares. Durante 14 minutos ouvimos seus desabafos, suas tristezas, seus sonhos, at\u00e9 que\u2026<\/p>\n\n\n\n<hr class=\"wp-block-separator has-alpha-channel-opacity\" \/>\n\n\n\n<p><strong>Desgosto de morrer no inverno (Gon\u00e7alo Viana, Portugal 2023, 19\u201902)<\/strong><\/p>\n\n\n<div class=\"wp-block-image\">\n<figure class=\"aligncenter size-full\"><img loading=\"lazy\" decoding=\"async\" width=\"566\" height=\"800\" src=\"https:\/\/portoghese.uniroma3.it\/clplanciani\/wp-content\/uploads\/sites\/4\/2024\/11\/Imagem-do-WhatsApp-de-2024-11-26-as-23.47.14_2e11c781.jpg\" alt=\"\" class=\"wp-image-2048\" srcset=\"https:\/\/portoghese.uniroma3.it\/clplanciani\/wp-content\/uploads\/sites\/4\/2024\/11\/Imagem-do-WhatsApp-de-2024-11-26-as-23.47.14_2e11c781.jpg 566w, https:\/\/portoghese.uniroma3.it\/clplanciani\/wp-content\/uploads\/sites\/4\/2024\/11\/Imagem-do-WhatsApp-de-2024-11-26-as-23.47.14_2e11c781-212x300.jpg 212w\" sizes=\"auto, (max-width: 566px) 100vw, 566px\" \/><\/figure>\n<\/div>\n\n\n<p>Ap\u00f3s a morte da mulher, o velho Domingos n\u00e3o aceita que o corpo de Carmen seja enterrado em uma cova qualquer do cemit\u00e9rio de Monchique. Como \u00faltima homenagem, Domingos faz de tudo para proporcionar uma sepultura digna, mas ao faz\u00ea-lo ignora os desejos da fam\u00edlia. Na verdade, ele n\u00e3o consegue superar a morte de sua \u00fanica companheira de vida. \u00c9 uma hist\u00f3ria feita de tradi\u00e7\u00f5es culturais e, ao mesmo tempo, de mudan\u00e7as.<\/p>\n\n\n\n<hr class=\"wp-block-separator has-alpha-channel-opacity\" \/>\n\n\n\n<p class=\"has-medium-font-size\"><strong>Dona Irene&nbsp;(Gustavo Campos, Brasil 2024, 17\u201930)<\/strong><\/p>\n\n\n<div class=\"wp-block-image\">\n<figure class=\"aligncenter size-full\"><img loading=\"lazy\" decoding=\"async\" width=\"618\" height=\"800\" src=\"https:\/\/portoghese.uniroma3.it\/clplanciani\/wp-content\/uploads\/sites\/4\/2024\/11\/Imagem-do-WhatsApp-de-2024-11-26-as-23.47.50_bf7602fa.jpg\" alt=\"\" class=\"wp-image-2047\" srcset=\"https:\/\/portoghese.uniroma3.it\/clplanciani\/wp-content\/uploads\/sites\/4\/2024\/11\/Imagem-do-WhatsApp-de-2024-11-26-as-23.47.50_bf7602fa.jpg 618w, https:\/\/portoghese.uniroma3.it\/clplanciani\/wp-content\/uploads\/sites\/4\/2024\/11\/Imagem-do-WhatsApp-de-2024-11-26-as-23.47.50_bf7602fa-232x300.jpg 232w\" sizes=\"auto, (max-width: 618px) 100vw, 618px\" \/><\/figure>\n<\/div>\n\n\n<p>Ap\u00f3s cair na rua, Dona Irene n\u00e3o consegue mais sair sozinha: ela se torna prisioneira dentro de sua pr\u00f3pria casa.<\/p>\n\n\n\n<hr class=\"wp-block-separator has-alpha-channel-opacity\" \/>\n\n\n\n<p class=\"has-medium-font-size\"><strong>Firmina&nbsp;(iZAH NEIVA, Brasil 2023, 15\u2019)<\/strong><\/p>\n\n\n\n<figure class=\"wp-block-image size-large\"><img loading=\"lazy\" decoding=\"async\" width=\"1024\" height=\"537\" src=\"https:\/\/portoghese.uniroma3.it\/clplanciani\/wp-content\/uploads\/sites\/4\/2024\/11\/Imagem-do-WhatsApp-de-2024-11-26-as-23.48.39_9e32ac50-1024x537.jpg\" alt=\"\" class=\"wp-image-2046\" srcset=\"https:\/\/portoghese.uniroma3.it\/clplanciani\/wp-content\/uploads\/sites\/4\/2024\/11\/Imagem-do-WhatsApp-de-2024-11-26-as-23.48.39_9e32ac50-1024x537.jpg 1024w, https:\/\/portoghese.uniroma3.it\/clplanciani\/wp-content\/uploads\/sites\/4\/2024\/11\/Imagem-do-WhatsApp-de-2024-11-26-as-23.48.39_9e32ac50-300x157.jpg 300w, https:\/\/portoghese.uniroma3.it\/clplanciani\/wp-content\/uploads\/sites\/4\/2024\/11\/Imagem-do-WhatsApp-de-2024-11-26-as-23.48.39_9e32ac50-768x402.jpg 768w, https:\/\/portoghese.uniroma3.it\/clplanciani\/wp-content\/uploads\/sites\/4\/2024\/11\/Imagem-do-WhatsApp-de-2024-11-26-as-23.48.39_9e32ac50.jpg 1080w\" sizes=\"auto, (max-width: 1024px) 100vw, 1024px\" \/><\/figure>\n\n\n\n<p>Uma pintora, ao se mudar para seu novo apartamento, fica presa de maneira incompreens\u00edvel. Ap\u00f3s ouvir uma pessoa pedindo socorro vindo l\u00e1 de baixo, ela precisa correr contra o tempo para salvar o vizinho.<\/p>\n\n\n\n<hr class=\"wp-block-separator has-alpha-channel-opacity\" \/>\n\n\n\n<p class=\"has-medium-font-size\"><strong>Os Segredos da Aldeia&nbsp;(Paulo Idalecio da Silva Jo\u00e3o, Angola 2021, 19\u201937<\/strong><\/p>\n\n\n\n<figure class=\"wp-block-image size-large\"><img loading=\"lazy\" decoding=\"async\" width=\"1024\" height=\"540\" src=\"https:\/\/portoghese.uniroma3.it\/clplanciani\/wp-content\/uploads\/sites\/4\/2024\/11\/Imagem-do-WhatsApp-de-2024-11-26-as-23.45.28_18cad246-1024x540.jpg\" alt=\"\" class=\"wp-image-2050\" srcset=\"https:\/\/portoghese.uniroma3.it\/clplanciani\/wp-content\/uploads\/sites\/4\/2024\/11\/Imagem-do-WhatsApp-de-2024-11-26-as-23.45.28_18cad246-1024x540.jpg 1024w, https:\/\/portoghese.uniroma3.it\/clplanciani\/wp-content\/uploads\/sites\/4\/2024\/11\/Imagem-do-WhatsApp-de-2024-11-26-as-23.45.28_18cad246-300x158.jpg 300w, https:\/\/portoghese.uniroma3.it\/clplanciani\/wp-content\/uploads\/sites\/4\/2024\/11\/Imagem-do-WhatsApp-de-2024-11-26-as-23.45.28_18cad246-768x405.jpg 768w, https:\/\/portoghese.uniroma3.it\/clplanciani\/wp-content\/uploads\/sites\/4\/2024\/11\/Imagem-do-WhatsApp-de-2024-11-26-as-23.45.28_18cad246-1536x810.jpg 1536w, https:\/\/portoghese.uniroma3.it\/clplanciani\/wp-content\/uploads\/sites\/4\/2024\/11\/Imagem-do-WhatsApp-de-2024-11-26-as-23.45.28_18cad246.jpg 1600w\" sizes=\"auto, (max-width: 1024px) 100vw, 1024px\" \/><\/figure>\n\n\n\n<p>Nuria, Junior e Oliveira chegam a Kissama, e coisas estranhas come\u00e7am a acontecer. Nuria e o carro desaparecem misteriosamente. Enquanto Oliveira e Junior procuram sua amiga desaparecida, eles come\u00e7am a discutir porque Junior n\u00e3o conseguia entender o que estava acontecendo.<\/p>\n\n\n\n<hr class=\"wp-block-separator has-alpha-channel-opacity\" \/>\n\n\n\n<p class=\"has-medium-font-size\"><strong>Terminal (Getsemane Silva; Guilherme Bacalhao, Brasil 2024, 15\u2019)<\/strong><\/p>\n\n\n<div class=\"wp-block-image\">\n<figure class=\"aligncenter size-full\"><img loading=\"lazy\" decoding=\"async\" width=\"565\" height=\"800\" src=\"https:\/\/portoghese.uniroma3.it\/clplanciani\/wp-content\/uploads\/sites\/4\/2024\/11\/Imagem-do-WhatsApp-de-2024-11-26-as-23.50.42_dbc3d881.jpg\" alt=\"\" class=\"wp-image-2044\" srcset=\"https:\/\/portoghese.uniroma3.it\/clplanciani\/wp-content\/uploads\/sites\/4\/2024\/11\/Imagem-do-WhatsApp-de-2024-11-26-as-23.50.42_dbc3d881.jpg 565w, https:\/\/portoghese.uniroma3.it\/clplanciani\/wp-content\/uploads\/sites\/4\/2024\/11\/Imagem-do-WhatsApp-de-2024-11-26-as-23.50.42_dbc3d881-212x300.jpg 212w\" sizes=\"auto, (max-width: 565px) 100vw, 565px\" \/><\/figure>\n<\/div>\n\n\n<p>Jovem enfermeiro n\u00e3o sabe se deve realizar o \u00faltimo desejo de seu pai. Entre obedecer ao velho Adriano ou deix\u00e1-lo s\u00f3, Iolas tenta sair do mundo paralelo da indecis\u00e3o.<\/p>\n<\/details>\n","protected":false},"excerpt":{"rendered":"<p>Programma in italiano Programa em portugu\u00eas<\/p>\n","protected":false},"author":4,"featured_media":0,"parent":2090,"menu_order":0,"comment_status":"closed","ping_status":"closed","template":"","meta":{"footnotes":""},"class_list":["post-2030","page","type-page","status-publish","hentry"],"_links":{"self":[{"href":"https:\/\/portoghese.uniroma3.it\/clplanciani\/wp-json\/wp\/v2\/pages\/2030","targetHints":{"allow":["GET"]}}],"collection":[{"href":"https:\/\/portoghese.uniroma3.it\/clplanciani\/wp-json\/wp\/v2\/pages"}],"about":[{"href":"https:\/\/portoghese.uniroma3.it\/clplanciani\/wp-json\/wp\/v2\/types\/page"}],"author":[{"embeddable":true,"href":"https:\/\/portoghese.uniroma3.it\/clplanciani\/wp-json\/wp\/v2\/users\/4"}],"replies":[{"embeddable":true,"href":"https:\/\/portoghese.uniroma3.it\/clplanciani\/wp-json\/wp\/v2\/comments?post=2030"}],"version-history":[{"count":18,"href":"https:\/\/portoghese.uniroma3.it\/clplanciani\/wp-json\/wp\/v2\/pages\/2030\/revisions"}],"predecessor-version":[{"id":2093,"href":"https:\/\/portoghese.uniroma3.it\/clplanciani\/wp-json\/wp\/v2\/pages\/2030\/revisions\/2093"}],"up":[{"embeddable":true,"href":"https:\/\/portoghese.uniroma3.it\/clplanciani\/wp-json\/wp\/v2\/pages\/2090"}],"wp:attachment":[{"href":"https:\/\/portoghese.uniroma3.it\/clplanciani\/wp-json\/wp\/v2\/media?parent=2030"}],"curies":[{"name":"wp","href":"https:\/\/api.w.org\/{rel}","templated":true}]}}